{"id":59772,"date":"2021-09-09T07:13:54","date_gmt":"2021-09-09T07:13:54","guid":{"rendered":"https:\/\/pre.lladogrup.com\/?page_id=59772"},"modified":"2021-09-09T07:13:55","modified_gmt":"2021-09-09T07:13:55","slug":"medidas-extraordinarias-en-materia-de-arrendamientos-para-autonomos-y-pymes","status":"publish","type":"page","link":"https:\/\/lladogrup.com\/es\/landing\/coronavirus\/medidas-extraordinarias-en-materia-de-arrendamientos-para-autonomos-y-pymes\/","title":{"rendered":"Medidas extraordinarias en materia de Arrendamientos para aut\u00f3nomos y PYMES"},"content":{"rendered":"<div class=\"wpb-content-wrapper\"><p>[vc_row bg_type=\u00bbimage\u00bb parallax_style=\u00bbvcpb-default\u00bb bg_image_new=\u00bbid^59775|url^http:\/\/pre.lladogrup.com\/wp-content\/uploads\/2021\/09\/ArrendamientosRD1520-1140&#215;353-1.jpeg|caption^null|alt^null|title^ArrendamientosRD1520-1140&#215;353-1|description^null\u00bb bg_image_repeat=\u00bbno-repeat\u00bb bg_override=\u00bbex-full\u00bb enable_overlay=\u00bbenable_overlay_value\u00bb overlay_color=\u00bbrgba(0,0,0,0.5)\u00bb overlay_pattern=\u00bbtransperant\u00bb overlay_pattern_opacity=\u00bb25&#8243; type=\u00bbvc_default\u00bb margin_top=\u00bb-50&#8243; css=\u00bb.vc_custom_1631171617649{padding-top: 10% !important;padding-bottom: 10% !important;background-color: #000000 !important;}\u00bb][vc_column offset=\u00bbvc_col-lg-12 vc_col-md-12&#8243; css=\u00bb.vc_custom_1476030031960{padding-bottom: 10px !important;}\u00bb]<div id=\"ultimate-heading-364669f4cbde314d6\" class=\"uvc-heading ult-adjust-bottom-margin ultimate-heading-364669f4cbde314d6 uvc-7986 accent-title-color\" data-hspacer=\"no_spacer\"  data-halign=\"center\" style=\"text-align:center\"><div class=\"uvc-heading-spacer no_spacer\" style=\"top\"><\/div><div class=\"uvc-main-heading ult-responsive\"  data-ultimate-target='.uvc-heading.ultimate-heading-364669f4cbde314d6 h2'  data-responsive-json-new='{\"font-size\":\"desktop:34px;mobile_landscape:22px;mobile:22px;\",\"line-height\":\"desktop:46px;mobile_landscape:32px;mobile:32px;\"}' ><h2 style=\"font-family:&#039;Fira Sans&#039;;font-weight:normal;font-style:normal;color:#ffffff;\">Comunicado Llad\u00f3 Grup Consultor<\/h2><\/div><div class=\"uvc-sub-heading ult-responsive\"  data-ultimate-target='.uvc-heading.ultimate-heading-364669f4cbde314d6 .uvc-sub-heading '  data-responsive-json-new='{\"font-size\":\"desktop:58px;mobile_landscape:38px;mobile:30px;\",\"line-height\":\"desktop:68px;mobile_landscape:48px;mobile:40px;\"}'  style=\"font-family:&#039;Fira Sans Condensed&#039;;font-weight:700;color:#ffffff;margin-top:10px;margin-bottom:20px;\"><\/p>\n<p class=\"main-title entry-title \"><span style=\"color: #ffffff;\">Medidas extraordinarias en materia de Arrendamientos para aut\u00f3nomos y PYMES<\/span><\/p>\n<p><\/div><\/div>[\/vc_column][\/vc_row][vc_row content_placement=\u00bbmiddle\u00bb css=\u00bb.vc_custom_1580733807485{padding-top: 70px !important;padding-bottom: 20px !important;}\u00bb][vc_column]<div id=\"ultimate-heading-559569f4cbde315af\" class=\"uvc-heading ult-adjust-bottom-margin ultimate-heading-559569f4cbde315af uvc-8817  uvc-heading-default-font-sizes\" data-hspacer=\"no_spacer\"  data-halign=\"center\" style=\"text-align:center\"><div class=\"uvc-heading-spacer no_spacer\" style=\"top\"><\/div><div class=\"uvc-main-heading ult-responsive\"  data-ultimate-target='.uvc-heading.ultimate-heading-559569f4cbde315af h3'  data-responsive-json-new='{\"font-size\":\"\",\"line-height\":\"\"}' ><h3 style=\"font-weight:bold;margin-bottom:15px;\">Medidas extraordinarias en materia de Arrendamientos para aut\u00f3nomos y PYMES<\/h3><\/div><\/div>[vc_empty_space][vc_column_text]<\/p>\n<div class=\"flex_column av_one_full flex_column_div av-zero-column-padding first avia-builder-el-4 el_after_av_one_full el_before_av_textblock column-top-margin\">\n<section class=\"av_textblock_section \">\n<div class=\"avia_textblock \">\n<ul>\n<li>Se regula un procedimiento para que las partes, persona f\u00edsica o jur\u00eddica arrendataria y la propiedad, puedan llegar a un acuerdo, en el plazo de un mes, para la modulaci\u00f3n del pago de las rentas de los\u00a0<strong><u>alquileres de locales de la Ley 29\/1994 (contratos posteriores a 1 de enero de 1995)<\/u><\/strong>:\n<ul>\n<li>Cuando el propietario es un gran tenedor:\n<ul>\n<li>Moratoria: durante el estado de alarma y sus pr\u00f3rrogas y a las mensualidades siguientes, prorrogables una a una, hasta un m\u00e1ximo de 4 meses.<\/li>\n<li>Renta: quedar\u00e1 aplazada mediante fraccionamiento de las cuotas en un plazo de 2 a\u00f1os.<\/li>\n<\/ul>\n<\/li>\n<li>Cuando el propietario NO sea gran tenedor:\n<ul>\n<li>Aplazamiento temporal.<\/li>\n<li>Uso de la fianza como pago total o parcial de la renta. Reemplazo en el plazo de un a\u00f1o.<\/li>\n<\/ul>\n<\/li>\n<li>\u00bfQui\u00e9n puede beneficiarse?\n<ul>\n<li>Aut\u00f3nomo:\n<ul>\n<li>Afiliado y en alta en el R\u00e9gimen de Aut\u00f3nomos.<\/li>\n<li>Actividad suspendida por la declaraci\u00f3n estado de alarma.<\/li>\n<li>En caso de actividad no suspendida, p\u00e9rdida del 75% de la facturaci\u00f3n.<\/li>\n<\/ul>\n<\/li>\n<li>Pyme:\n<ul>\n<li>No supere el l\u00edmite de 4M\/\u20ac de partidas de activo.<\/li>\n<li>Actividad suspendida por la declaraci\u00f3n estado de alarma.<\/li>\n<li>En caso de actividad no suspendida, p\u00e9rdida del 75% de la facturaci\u00f3n.<\/li>\n<\/ul>\n<\/li>\n<\/ul>\n<\/li>\n<\/ul>\n<p>Nuestro equipo de profesionales y toda la organizaci\u00f3n de\u00a0<a href=\"https:\/\/www.lladogrup.com\/es\" target=\"_blank\" rel=\"noopener noreferrer\">LLAD\u00d3 GRUPO CONSULTOR<\/a>\u00a0estamos preparados para afrontar esta situaci\u00f3n excepcional y darle todo el asesoramiento y acompa\u00f1amiento que necesite en relaci\u00f3n a la situaci\u00f3n actual.<\/p>\n<p>Agradecemos como siempre la confianza depositada en nuestros equipos de profesionales.<br \/>\nRecordarle que en nuestra web\u00a0<a href=\"https:\/\/www.lladogrup.com\/es\" target=\"_blank\" rel=\"noopener noreferrer\" data-cke-saved-href=\"https:\/\/www.lladogrup.com\">www.lladogrup.com<\/a>\u00a0iremos actualizando toda la informaci\u00f3n relevante sobre el COVID-19.<\/p>\n<p>Muchas gracias.<\/p>\n<p>Atentamente los saluda,<\/p>\n<p><strong>Equipo Directivo de Llad\u00f3 Grup Consultor\u00a0\u00a0<\/strong><\/p>\n<p><strong>934 646 210<\/strong><\/p>\n<p><a href=\"mailto:consultor@lladogrup.com\" target=\"_blank\" rel=\"noopener noreferrer\">consultor@lladogrup.com<\/a><\/li>\n<\/ul>\n<\/div>\n<\/section>\n<\/div>\n<p>[\/vc_column_text][\/vc_column][\/vc_row][vc_row css=\u00bb.vc_custom_1631163062106{margin-bottom: 40px !important;}\u00bb][vc_column]<style type=\"text\/css\" data-type=\"the7_shortcodes-inline-css\">#default-btn-c2d7d0babfe686e14b823751d9141348.ico-right-side > i {\n  margin-right: 0px;\n  margin-left: 8px;\n}\n#default-btn-c2d7d0babfe686e14b823751d9141348 > i {\n  margin-right: 8px;\n}<\/style><div class=\"btn-align-center\"><a href=\"https:\/\/www.lladogrup.com\/contacte\/\" class=\"default-btn-shortcode dt-btn dt-btn-l link-hover-off \" target=\"_blank\" id=\"default-btn-c2d7d0babfe686e14b823751d9141348\" rel=\"noopener\"><span>Tens alg\u00fan dubte? Contacta amb nosaltres<\/span><\/a><\/div>[\/vc_column][\/vc_row]<\/p>\n<\/div>","protected":false},"excerpt":{"rendered":"<p>[vc_row bg_type=\u00bbimage\u00bb parallax_style=\u00bbvcpb-default\u00bb bg_image_new=\u00bbid^59775|url^http:\/\/pre.lladogrup.com\/wp-content\/uploads\/2021\/09\/ArrendamientosRD1520-1140&#215;353-1.jpeg|caption^null|alt^null|title^ArrendamientosRD1520-1140&#215;353-1|description^null\u00bb bg_image_repeat=\u00bbno-repeat\u00bb bg_override=\u00bbex-full\u00bb enable_overlay=\u00bbenable_overlay_value\u00bb overlay_color=\u00bbrgba(0,0,0,0.5)\u00bb overlay_pattern=\u00bbtransperant\u00bb overlay_pattern_opacity=\u00bb25&#8243; type=\u00bbvc_default\u00bb margin_top=\u00bb-50&#8243; css=\u00bb.vc_custom_1631171617649{padding-top: 10% !important;padding-bottom: 10% !important;background-color: #000000 !important;}\u00bb][vc_column offset=\u00bbvc_col-lg-12 vc_col-md-12&#8243; css=\u00bb.vc_custom_1476030031960{padding-bottom: 10px !important;}\u00bb][\/vc_column][\/vc_row][vc_row content_placement=\u00bbmiddle\u00bb css=\u00bb.vc_custom_1580733807485{padding-top: 70px !important;padding-bottom: 20px !important;}\u00bb][vc_column][vc_empty_space][vc_column_text] Se regula un procedimiento para que las partes, persona f\u00edsica o jur\u00eddica arrendataria y la propiedad, puedan llegar a un acuerdo, en el plazo de&hellip;<\/p>\n","protected":false},"author":1,"featured_media":59779,"parent":59500,"menu_order":12,"comment_status":"closed","ping_status":"closed","template":"","meta":{"_joinchat":[],"footnotes":""},"class_list":["post-59772","page","type-page","status-publish","has-post-thumbnail","hentry","description-off"],"yoast_head":"<!-- This site is optimized with the Yoast SEO plugin v27.3 - https:\/\/yoast.com\/product\/yoast-seo-wordpress\/ -->\n<title>Medidas extraordinarias en materia de Arrendamientos para aut\u00f3nomos y PYMES - Llad\u00f3 Grup<\/title>\n<meta name=\"robots\" content=\"index, follow, max-snippet:-1, max-image-preview:large, max-video-preview:-1\" \/>\n<link rel=\"canonical\" href=\"https:\/\/lladogrup.com\/es\/landing\/coronavirus\/medidas-extraordinarias-en-materia-de-arrendamientos-para-autonomos-y-pymes\/\" \/>\n<meta property=\"og:locale\" content=\"es_ES\" \/>\n<meta property=\"og:type\" content=\"article\" \/>\n<meta property=\"og:title\" content=\"Medidas extraordinarias en materia de Arrendamientos para aut\u00f3nomos y PYMES - Llad\u00f3 Grup\" \/>\n<meta property=\"og:description\" content=\"[vc_row bg_type=\u00bbimage\u00bb parallax_style=\u00bbvcpb-default\u00bb bg_image_new=\u00bbid^59775|url^http:\/\/pre.lladogrup.com\/wp-content\/uploads\/2021\/09\/ArrendamientosRD1520-1140&#215;353-1.jpeg|caption^null|alt^null|title^ArrendamientosRD1520-1140&#215;353-1|description^null\u00bb bg_image_repeat=\u00bbno-repeat\u00bb bg_override=\u00bbex-full\u00bb enable_overlay=\u00bbenable_overlay_value\u00bb overlay_color=\u00bbrgba(0,0,0,0.5)\u00bb overlay_pattern=\u00bbtransperant\u00bb overlay_pattern_opacity=\u00bb25&#8243; type=\u00bbvc_default\u00bb margin_top=\u00bb-50&#8243; css=\u00bb.vc_custom_1631171617649{padding-top: 10% !important;padding-bottom: 10% !important;background-color: #000000 !important;}\u00bb][vc_column offset=\u00bbvc_col-lg-12 vc_col-md-12&#8243; css=\u00bb.vc_custom_1476030031960{padding-bottom: 10px !important;}\u00bb][\/vc_column][\/vc_row][vc_row content_placement=\u00bbmiddle\u00bb css=\u00bb.vc_custom_1580733807485{padding-top: 70px !important;padding-bottom: 20px !important;}\u00bb][vc_column][vc_empty_space][vc_column_text] Se regula un procedimiento para que las partes, persona f\u00edsica o jur\u00eddica arrendataria y la propiedad, puedan llegar a un acuerdo, en el plazo de&hellip;\" \/>\n<meta property=\"og:url\" content=\"https:\/\/lladogrup.com\/es\/landing\/coronavirus\/medidas-extraordinarias-en-materia-de-arrendamientos-para-autonomos-y-pymes\/\" \/>\n<meta property=\"og:site_name\" content=\"Llad\u00f3 Grup\" \/>\n<meta property=\"article:modified_time\" content=\"2021-09-09T07:13:55+00:00\" \/>\n<meta property=\"og:image\" content=\"https:\/\/lladogrup.com\/wp-content\/uploads\/2021\/09\/ArrendamientosCOVID19-270x290esp.jpeg\" \/>\n\t<meta property=\"og:image:width\" content=\"270\" \/>\n\t<meta property=\"og:image:height\" content=\"290\" \/>\n\t<meta property=\"og:image:type\" content=\"image\/jpeg\" \/>\n<meta name=\"twitter:card\" content=\"summary_large_image\" \/>\n<meta name=\"twitter:label1\" content=\"Tiempo de lectura\" \/>\n\t<meta name=\"twitter:data1\" content=\"2 minutos\" \/>\n<script type=\"application\/ld+json\" class=\"yoast-schema-graph\">{\"@context\":\"https:\\\/\\\/schema.org\",\"@graph\":[{\"@type\":\"WebPage\",\"@id\":\"https:\\\/\\\/lladogrup.com\\\/es\\\/landing\\\/coronavirus\\\/medidas-extraordinarias-en-materia-de-arrendamientos-para-autonomos-y-pymes\\\/\",\"url\":\"https:\\\/\\\/lladogrup.com\\\/es\\\/landing\\\/coronavirus\\\/medidas-extraordinarias-en-materia-de-arrendamientos-para-autonomos-y-pymes\\\/\",\"name\":\"Medidas extraordinarias en materia de Arrendamientos para aut\u00f3nomos y PYMES - Llad\u00f3 Grup\",\"isPartOf\":{\"@id\":\"https:\\\/\\\/lladogrup.com\\\/#website\"},\"primaryImageOfPage\":{\"@id\":\"https:\\\/\\\/lladogrup.com\\\/es\\\/landing\\\/coronavirus\\\/medidas-extraordinarias-en-materia-de-arrendamientos-para-autonomos-y-pymes\\\/#primaryimage\"},\"image\":{\"@id\":\"https:\\\/\\\/lladogrup.com\\\/es\\\/landing\\\/coronavirus\\\/medidas-extraordinarias-en-materia-de-arrendamientos-para-autonomos-y-pymes\\\/#primaryimage\"},\"thumbnailUrl\":\"https:\\\/\\\/lladogrup.com\\\/wp-content\\\/uploads\\\/2021\\\/09\\\/ArrendamientosCOVID19-270x290esp.jpeg\",\"datePublished\":\"2021-09-09T07:13:54+00:00\",\"dateModified\":\"2021-09-09T07:13:55+00:00\",\"breadcrumb\":{\"@id\":\"https:\\\/\\\/lladogrup.com\\\/es\\\/landing\\\/coronavirus\\\/medidas-extraordinarias-en-materia-de-arrendamientos-para-autonomos-y-pymes\\\/#breadcrumb\"},\"inLanguage\":\"es\",\"potentialAction\":[{\"@type\":\"ReadAction\",\"target\":[\"https:\\\/\\\/lladogrup.com\\\/es\\\/landing\\\/coronavirus\\\/medidas-extraordinarias-en-materia-de-arrendamientos-para-autonomos-y-pymes\\\/\"]}]},{\"@type\":\"ImageObject\",\"inLanguage\":\"es\",\"@id\":\"https:\\\/\\\/lladogrup.com\\\/es\\\/landing\\\/coronavirus\\\/medidas-extraordinarias-en-materia-de-arrendamientos-para-autonomos-y-pymes\\\/#primaryimage\",\"url\":\"https:\\\/\\\/lladogrup.com\\\/wp-content\\\/uploads\\\/2021\\\/09\\\/ArrendamientosCOVID19-270x290esp.jpeg\",\"contentUrl\":\"https:\\\/\\\/lladogrup.com\\\/wp-content\\\/uploads\\\/2021\\\/09\\\/ArrendamientosCOVID19-270x290esp.jpeg\",\"width\":270,\"height\":290},{\"@type\":\"BreadcrumbList\",\"@id\":\"https:\\\/\\\/lladogrup.com\\\/es\\\/landing\\\/coronavirus\\\/medidas-extraordinarias-en-materia-de-arrendamientos-para-autonomos-y-pymes\\\/#breadcrumb\",\"itemListElement\":[{\"@type\":\"ListItem\",\"position\":1,\"name\":\"Portada\",\"item\":\"https:\\\/\\\/lladogrup.com\\\/es\\\/\"},{\"@type\":\"ListItem\",\"position\":2,\"name\":\"Landing\",\"item\":\"https:\\\/\\\/lladogrup.com\\\/es\\\/landing\\\/\"},{\"@type\":\"ListItem\",\"position\":3,\"name\":\"Coronavirus\",\"item\":\"https:\\\/\\\/lladogrup.com\\\/es\\\/landing\\\/coronavirus\\\/\"},{\"@type\":\"ListItem\",\"position\":4,\"name\":\"Medidas extraordinarias en materia de Arrendamientos para aut\u00f3nomos y PYMES\"}]},{\"@type\":\"WebSite\",\"@id\":\"https:\\\/\\\/lladogrup.com\\\/#website\",\"url\":\"https:\\\/\\\/lladogrup.com\\\/\",\"name\":\"Llad\u00f3 Grup\",\"description\":\"Consultoria i gestoria\",\"potentialAction\":[{\"@type\":\"SearchAction\",\"target\":{\"@type\":\"EntryPoint\",\"urlTemplate\":\"https:\\\/\\\/lladogrup.com\\\/?s={search_term_string}\"},\"query-input\":{\"@type\":\"PropertyValueSpecification\",\"valueRequired\":true,\"valueName\":\"search_term_string\"}}],\"inLanguage\":\"es\"}]}<\/script>\n<!-- \/ Yoast SEO plugin. -->","yoast_head_json":{"title":"Medidas extraordinarias en materia de Arrendamientos para aut\u00f3nomos y PYMES - Llad\u00f3 Grup","robots":{"index":"index","follow":"follow","max-snippet":"max-snippet:-1","max-image-preview":"max-image-preview:large","max-video-preview":"max-video-preview:-1"},"canonical":"https:\/\/lladogrup.com\/es\/landing\/coronavirus\/medidas-extraordinarias-en-materia-de-arrendamientos-para-autonomos-y-pymes\/","og_locale":"es_ES","og_type":"article","og_title":"Medidas extraordinarias en materia de Arrendamientos para aut\u00f3nomos y PYMES - Llad\u00f3 Grup","og_description":"[vc_row bg_type=\u00bbimage\u00bb parallax_style=\u00bbvcpb-default\u00bb bg_image_new=\u00bbid^59775|url^http:\/\/pre.lladogrup.com\/wp-content\/uploads\/2021\/09\/ArrendamientosRD1520-1140&#215;353-1.jpeg|caption^null|alt^null|title^ArrendamientosRD1520-1140&#215;353-1|description^null\u00bb bg_image_repeat=\u00bbno-repeat\u00bb bg_override=\u00bbex-full\u00bb enable_overlay=\u00bbenable_overlay_value\u00bb overlay_color=\u00bbrgba(0,0,0,0.5)\u00bb overlay_pattern=\u00bbtransperant\u00bb overlay_pattern_opacity=\u00bb25&#8243; type=\u00bbvc_default\u00bb margin_top=\u00bb-50&#8243; css=\u00bb.vc_custom_1631171617649{padding-top: 10% !important;padding-bottom: 10% !important;background-color: #000000 !important;}\u00bb][vc_column offset=\u00bbvc_col-lg-12 vc_col-md-12&#8243; css=\u00bb.vc_custom_1476030031960{padding-bottom: 10px !important;}\u00bb][\/vc_column][\/vc_row][vc_row content_placement=\u00bbmiddle\u00bb css=\u00bb.vc_custom_1580733807485{padding-top: 70px !important;padding-bottom: 20px !important;}\u00bb][vc_column][vc_empty_space][vc_column_text] Se regula un procedimiento para que las partes, persona f\u00edsica o jur\u00eddica arrendataria y la propiedad, puedan llegar a un acuerdo, en el plazo de&hellip;","og_url":"https:\/\/lladogrup.com\/es\/landing\/coronavirus\/medidas-extraordinarias-en-materia-de-arrendamientos-para-autonomos-y-pymes\/","og_site_name":"Llad\u00f3 Grup","article_modified_time":"2021-09-09T07:13:55+00:00","og_image":[{"width":270,"height":290,"url":"https:\/\/lladogrup.com\/wp-content\/uploads\/2021\/09\/ArrendamientosCOVID19-270x290esp.jpeg","type":"image\/jpeg"}],"twitter_card":"summary_large_image","twitter_misc":{"Tiempo de lectura":"2 minutos"},"schema":{"@context":"https:\/\/schema.org","@graph":[{"@type":"WebPage","@id":"https:\/\/lladogrup.com\/es\/landing\/coronavirus\/medidas-extraordinarias-en-materia-de-arrendamientos-para-autonomos-y-pymes\/","url":"https:\/\/lladogrup.com\/es\/landing\/coronavirus\/medidas-extraordinarias-en-materia-de-arrendamientos-para-autonomos-y-pymes\/","name":"Medidas extraordinarias en materia de Arrendamientos para aut\u00f3nomos y PYMES - Llad\u00f3 Grup","isPartOf":{"@id":"https:\/\/lladogrup.com\/#website"},"primaryImageOfPage":{"@id":"https:\/\/lladogrup.com\/es\/landing\/coronavirus\/medidas-extraordinarias-en-materia-de-arrendamientos-para-autonomos-y-pymes\/#primaryimage"},"image":{"@id":"https:\/\/lladogrup.com\/es\/landing\/coronavirus\/medidas-extraordinarias-en-materia-de-arrendamientos-para-autonomos-y-pymes\/#primaryimage"},"thumbnailUrl":"https:\/\/lladogrup.com\/wp-content\/uploads\/2021\/09\/ArrendamientosCOVID19-270x290esp.jpeg","datePublished":"2021-09-09T07:13:54+00:00","dateModified":"2021-09-09T07:13:55+00:00","breadcrumb":{"@id":"https:\/\/lladogrup.com\/es\/landing\/coronavirus\/medidas-extraordinarias-en-materia-de-arrendamientos-para-autonomos-y-pymes\/#breadcrumb"},"inLanguage":"es","potentialAction":[{"@type":"ReadAction","target":["https:\/\/lladogrup.com\/es\/landing\/coronavirus\/medidas-extraordinarias-en-materia-de-arrendamientos-para-autonomos-y-pymes\/"]}]},{"@type":"ImageObject","inLanguage":"es","@id":"https:\/\/lladogrup.com\/es\/landing\/coronavirus\/medidas-extraordinarias-en-materia-de-arrendamientos-para-autonomos-y-pymes\/#primaryimage","url":"https:\/\/lladogrup.com\/wp-content\/uploads\/2021\/09\/ArrendamientosCOVID19-270x290esp.jpeg","contentUrl":"https:\/\/lladogrup.com\/wp-content\/uploads\/2021\/09\/ArrendamientosCOVID19-270x290esp.jpeg","width":270,"height":290},{"@type":"BreadcrumbList","@id":"https:\/\/lladogrup.com\/es\/landing\/coronavirus\/medidas-extraordinarias-en-materia-de-arrendamientos-para-autonomos-y-pymes\/#breadcrumb","itemListElement":[{"@type":"ListItem","position":1,"name":"Portada","item":"https:\/\/lladogrup.com\/es\/"},{"@type":"ListItem","position":2,"name":"Landing","item":"https:\/\/lladogrup.com\/es\/landing\/"},{"@type":"ListItem","position":3,"name":"Coronavirus","item":"https:\/\/lladogrup.com\/es\/landing\/coronavirus\/"},{"@type":"ListItem","position":4,"name":"Medidas extraordinarias en materia de Arrendamientos para aut\u00f3nomos y PYMES"}]},{"@type":"WebSite","@id":"https:\/\/lladogrup.com\/#website","url":"https:\/\/lladogrup.com\/","name":"Llad\u00f3 Grup","description":"Consultoria i gestoria","potentialAction":[{"@type":"SearchAction","target":{"@type":"EntryPoint","urlTemplate":"https:\/\/lladogrup.com\/?s={search_term_string}"},"query-input":{"@type":"PropertyValueSpecification","valueRequired":true,"valueName":"search_term_string"}}],"inLanguage":"es"}]}},"_links":{"self":[{"href":"https:\/\/lladogrup.com\/es\/wp-json\/wp\/v2\/pages\/59772","targetHints":{"allow":["GET"]}}],"collection":[{"href":"https:\/\/lladogrup.com\/es\/wp-json\/wp\/v2\/pages"}],"about":[{"href":"https:\/\/lladogrup.com\/es\/wp-json\/wp\/v2\/types\/page"}],"author":[{"embeddable":true,"href":"https:\/\/lladogrup.com\/es\/wp-json\/wp\/v2\/users\/1"}],"replies":[{"embeddable":true,"href":"https:\/\/lladogrup.com\/es\/wp-json\/wp\/v2\/comments?post=59772"}],"version-history":[{"count":2,"href":"https:\/\/lladogrup.com\/es\/wp-json\/wp\/v2\/pages\/59772\/revisions"}],"predecessor-version":[{"id":59781,"href":"https:\/\/lladogrup.com\/es\/wp-json\/wp\/v2\/pages\/59772\/revisions\/59781"}],"up":[{"embeddable":true,"href":"https:\/\/lladogrup.com\/es\/wp-json\/wp\/v2\/pages\/59500"}],"wp:featuredmedia":[{"embeddable":true,"href":"https:\/\/lladogrup.com\/es\/wp-json\/wp\/v2\/media\/59779"}],"wp:attachment":[{"href":"https:\/\/lladogrup.com\/es\/wp-json\/wp\/v2\/media?parent=59772"}],"curies":[{"name":"wp","href":"https:\/\/api.w.org\/{rel}","templated":true}]}}