{"id":59695,"date":"2021-09-09T06:33:45","date_gmt":"2021-09-09T06:33:45","guid":{"rendered":"https:\/\/pre.lladogrup.com\/?page_id=59695"},"modified":"2021-09-09T06:34:57","modified_gmt":"2021-09-09T06:34:57","slug":"dudas-y-medidas-juridicas-coronavirus","status":"publish","type":"page","link":"https:\/\/lladogrup.com\/es\/landing\/coronavirus\/dudas-y-medidas-juridicas-coronavirus\/","title":{"rendered":"Dudas y Medidas Jur\u00eddicas Coronavirus"},"content":{"rendered":"<div class=\"wpb-content-wrapper\"><p>[vc_row bg_type=\u00bbimage\u00bb parallax_style=\u00bbvcpb-default\u00bb bg_image_new=\u00bbid^59697|url^http:\/\/pre.lladogrup.com\/wp-content\/uploads\/2021\/09\/MesuresJuridiquesCovid19-1140&#215;353-1.jpeg|caption^null|alt^mesures juridiques covid 19 llado grup|title^MesuresJuridiquesCovid19-1140&#215;353-1|description^null\u00bb bg_image_repeat=\u00bbno-repeat\u00bb bg_override=\u00bbex-full\u00bb enable_overlay=\u00bbenable_overlay_value\u00bb overlay_color=\u00bbrgba(0,0,0,0.5)\u00bb overlay_pattern=\u00bbtransperant\u00bb overlay_pattern_opacity=\u00bb25&#8243; type=\u00bbvc_default\u00bb margin_top=\u00bb-50&#8243; css=\u00bb.vc_custom_1631168817031{padding-top: 10% !important;padding-bottom: 10% !important;background-color: #000000 !important;}\u00bb][vc_column offset=\u00bbvc_col-lg-12 vc_col-md-12&#8243; css=\u00bb.vc_custom_1476030031960{padding-bottom: 10px !important;}\u00bb]<div id=\"ultimate-heading-246069f2c9c1a3773\" class=\"uvc-heading ult-adjust-bottom-margin ultimate-heading-246069f2c9c1a3773 uvc-1268 accent-title-color\" data-hspacer=\"no_spacer\"  data-halign=\"center\" style=\"text-align:center\"><div class=\"uvc-heading-spacer no_spacer\" style=\"top\"><\/div><div class=\"uvc-main-heading ult-responsive\"  data-ultimate-target='.uvc-heading.ultimate-heading-246069f2c9c1a3773 h2'  data-responsive-json-new='{\"font-size\":\"desktop:34px;mobile_landscape:22px;mobile:22px;\",\"line-height\":\"desktop:46px;mobile_landscape:32px;mobile:32px;\"}' ><h2 style=\"font-family:&#039;Fira Sans&#039;;font-weight:normal;font-style:normal;color:#ffffff;\">Comunicat Llad\u00f3 Grup Consultor<\/h2><\/div><div class=\"uvc-sub-heading ult-responsive\"  data-ultimate-target='.uvc-heading.ultimate-heading-246069f2c9c1a3773 .uvc-sub-heading '  data-responsive-json-new='{\"font-size\":\"desktop:58px;mobile_landscape:38px;mobile:30px;\",\"line-height\":\"desktop:68px;mobile_landscape:48px;mobile:40px;\"}'  style=\"font-family:&#039;Fira Sans Condensed&#039;;font-weight:700;color:#ffffff;margin-top:10px;margin-bottom:20px;\"><\/p>\n<p class=\"av-special-heading-tag \"><span style=\"color: #ffffff;\">Dudas y Medidas Jur\u00eddicas ante el COVID-19<\/span><\/p>\n<div class=\"special-heading-border\"><\/div>\n<p><\/div><\/div>[\/vc_column][\/vc_row][vc_row content_placement=\u00bbmiddle\u00bb css=\u00bb.vc_custom_1580733807485{padding-top: 70px !important;padding-bottom: 20px !important;}\u00bb][vc_column][vc_row_inner][vc_column_inner width=\u00bb1\/2&#8243;]<style type=\"text\/css\" data-type=\"the7_shortcodes-inline-css\">#default-btn-3c1517efcd868618084f3a07b6e780dd.ico-right-side > i {\n  margin-right: 0px;\n  margin-left: 8px;\n}\n#default-btn-3c1517efcd868618084f3a07b6e780dd > i {\n  margin-right: 8px;\n}<\/style><div class=\"btn-align-center\"><a href=\"http:\/\/pre.lladogrup.com\/wp-content\/uploads\/2021\/09\/Medidas-mercantiles-extraordinarias-gobierno-sociedades..pdf\" class=\"default-btn-shortcode dt-btn dt-btn-l link-hover-off \" target=\"_blank\" id=\"default-btn-3c1517efcd868618084f3a07b6e780dd\" rel=\"noopener\"><span>Medidas mercantiles extraordinarias (Sociedades)<\/span><\/a><\/div>[\/vc_column_inner][vc_column_inner width=\u00bb1\/2&#8243;]<style type=\"text\/css\" data-type=\"the7_shortcodes-inline-css\">#default-btn-3badf41ee05e7e3d98fd6fe58b94cd07.ico-right-side > i {\n  margin-right: 0px;\n  margin-left: 8px;\n}\n#default-btn-3badf41ee05e7e3d98fd6fe58b94cd07 > i {\n  margin-right: 8px;\n}<\/style><div class=\"btn-align-center\"><a href=\"http:\/\/pre.lladogrup.com\/wp-content\/uploads\/2021\/09\/Manual_abogado-covid19.pdf\" class=\"default-btn-shortcode dt-btn dt-btn-l link-hover-off \" target=\"_blank\" id=\"default-btn-3badf41ee05e7e3d98fd6fe58b94cd07\" rel=\"noopener\"><span>Respuesta legal e Institucional<\/span><\/a><\/div>[\/vc_column_inner][\/vc_row_inner][vc_empty_space]<div id=\"ultimate-heading-754869f2c9c1a3a58\" class=\"uvc-heading ult-adjust-bottom-margin ultimate-heading-754869f2c9c1a3a58 uvc-1681  uvc-heading-default-font-sizes\" data-hspacer=\"no_spacer\"  data-halign=\"center\" style=\"text-align:center\"><div class=\"uvc-heading-spacer no_spacer\" style=\"top\"><\/div><div class=\"uvc-main-heading ult-responsive\"  data-ultimate-target='.uvc-heading.ultimate-heading-754869f2c9c1a3a58 h3'  data-responsive-json-new='{\"font-size\":\"\",\"line-height\":\"\"}' ><h3 style=\"font-weight:bold;margin-bottom:15px;\">Dudas y Medidas Jur\u00eddicas ante el COVID-19<\/h3><\/div><\/div>[vc_empty_space][vc_column_text]<\/p>\n<div class=\"flex_column av_one_full flex_column_div av-zero-column-padding first avia-builder-el-4 el_after_av_one_full el_before_av_textblock column-top-margin\">\n<section class=\"av_textblock_section \">\n<div class=\"avia_textblock \">\n<p><strong>Con el decreto de alarma el pasado 14 de marzo de 2020 debido a la situaci\u00f3n de crisis sanitaria ocasionada por COVID-19. El\u00a0<a href=\"https:\/\/boe.es\/buscar\/act.php?id=BOE-A-2020-3692\" target=\"_blank\" rel=\"noopener noreferrer\">Real Decreto 463\/23020<\/a>, en el se declara el estado de alarma que prev\u00e9, en su disposici\u00f3n adicional segunda, la suspensi\u00f3n de plazos procesales y administrativos, as\u00ed como plazos de prescripci\u00f3n y caducidad.<\/strong><\/p>\n<p><strong>\u00bfC\u00f3mo afecta a los plazos procesales?<\/strong><\/p>\n<p>En relaci\u00f3n con los\u00a0<strong>plazos procesales<\/strong>, el Real Decreto establece que\u00a0<strong>se suspenden los t\u00e9rminos e interrumpen los plazos previstos en las leyes procesales para todos los \u00f3rdenes jurisdiccionales<\/strong>. El c\u00f3mputo de estos plazos se reanudar\u00e1 cuando pierdan vigencia el Real Decreto o sus pr\u00f3rrogas.<\/p>\n<p>Esta medida no se aplicar\u00e1 en algunos casos expresamente previstos dentro de la jurisdicci\u00f3n penal como son:<\/p>\n<ul>\n<li>los procedimientos de\u00a0<em>habeas corpus<\/em>,<\/li>\n<li>actuaciones de servicios de guardia,<\/li>\n<li>actuaciones con el detenido,<\/li>\n<li>vigilancia penitenciaria y violencia de g\u00e9nero.<\/li>\n<\/ul>\n<p>En el resto de jurisdicciones, la interrupci\u00f3n no se aplicar\u00e1 en los siguientes supuestos:<\/p>\n<ul>\n<li>En el \u00e1mbito de la jurisdicci\u00f3n contencioso administrativa, los relacionados con la protecci\u00f3n de derechos fundamentales de la persona.<\/li>\n<li>Dentro de la jurisdicci\u00f3n laboral, los conflictos colectivos y para la tutela de derechos fundamentales y libertades p\u00fablicas.<\/li>\n<li>Dentro de la jurisdicci\u00f3n civil, a las medidas relativas a la protecci\u00f3n de menores o internamiento no voluntario por trastorno ps\u00edquico.<\/li>\n<\/ul>\n<p><strong>\u00a0<\/strong><\/p>\n<p><strong>\u00bfC\u00f3mo quedan los plazos administrativos ante el COVID-19?<\/strong><\/p>\n<p>En el \u00e1mbito de los\u00a0<strong>plazos administrativos<\/strong>, el Real Decreto acuerda la\u00a0<strong>suspensi\u00f3n de t\u00e9rminos y se interrumpen los plazos para la tramitaci\u00f3n de procedimientos ante todas las entidades del sector p\u00fablico<\/strong>; reanud\u00e1ndose seg\u00fan lo desarrollado en el apartado anterior.<\/p>\n<p>Los procedimientos y resoluciones que vengan referidos a situaciones estrechamente vinculadas a los hechos justificativos del estado de alarma no se ver\u00e1n afectados por la disposici\u00f3n.<\/p>\n<p><strong>\u00bfC\u00f3mo quedan los plazos de prescripci\u00f3n y caducidad ante el COVID-19?<\/strong><\/p>\n<p>Los\u00a0<strong>plazos de prescripci\u00f3n y caducidad<\/strong>\u00a0de cualesquiera acciones y derechos\u00a0<strong>quedan suspendidos durante el plazo de vigencia del estado de alarma<\/strong>\u00a0y de las pr\u00f3rrogas que se adoptasen, en su caso.<\/p>\n<p>Nuestro equipo de profesionales y toda la organizaci\u00f3n de\u00a0<a href=\"https:\/\/www.lladogrup.com\/es\" target=\"_blank\" rel=\"noopener noreferrer\">LLAD\u00d3 GRUPO CONSULTOR<\/a>\u00a0estamos preparados para afrontar esta situaci\u00f3n excepcional y darle todo el asesoramiento y acompa\u00f1amiento que necesite en relaci\u00f3n a la situaci\u00f3n actual.<\/p>\n<p>Agradecemos como siempre la confianza depositada en nuestros equipos de profesionales.<br \/>\nRecordarle que en nuestra web\u00a0<a href=\"https:\/\/www.lladogrup.com\/es\" target=\"_blank\" rel=\"noopener noreferrer\" data-cke-saved-href=\"https:\/\/www.lladogrup.com\">www.lladogrup.com<\/a>\u00a0iremos actualizando toda la informaci\u00f3n relevante sobre el COVID-19.<\/p>\n<p>Muchas gracias.<\/p>\n<p>Atentamente los saluda,<\/p>\n<p><strong>Equipo Directivo de Llad\u00f3 Grup Consultor\u00a0\u00a0<\/strong><\/p>\n<p><strong>934 646 210<\/strong><\/p>\n<p><a href=\"mailto:consultor@lladogrup.com\" target=\"_blank\" rel=\"noopener noreferrer\">consultor@lladogrup.com<\/a><\/p>\n<\/div>\n<\/section>\n<\/div>\n<p>[\/vc_column_text][\/vc_column][\/vc_row][vc_row css=\u00bb.vc_custom_1631163062106{margin-bottom: 40px !important;}\u00bb][vc_column]<style type=\"text\/css\" data-type=\"the7_shortcodes-inline-css\">#default-btn-b3717ea54372f77128ad575fc958a171.ico-right-side > i {\n  margin-right: 0px;\n  margin-left: 8px;\n}\n#default-btn-b3717ea54372f77128ad575fc958a171 > i {\n  margin-right: 8px;\n}<\/style><div class=\"btn-align-center\"><a href=\"https:\/\/www.lladogrup.com\/es\/contacto\/\" class=\"default-btn-shortcode dt-btn dt-btn-l link-hover-off \" target=\"_blank\" id=\"default-btn-b3717ea54372f77128ad575fc958a171\" rel=\"noopener\"><span>\u00bfTienes alguna duda? Contacta con nosotros<\/span><\/a><\/div>[\/vc_column][\/vc_row]<\/p>\n<\/div>","protected":false},"excerpt":{"rendered":"<p>[vc_row bg_type=\u00bbimage\u00bb parallax_style=\u00bbvcpb-default\u00bb bg_image_new=\u00bbid^59697|url^http:\/\/pre.lladogrup.com\/wp-content\/uploads\/2021\/09\/MesuresJuridiquesCovid19-1140&#215;353-1.jpeg|caption^null|alt^mesures juridiques covid 19 llado grup|title^MesuresJuridiquesCovid19-1140&#215;353-1|description^null\u00bb bg_image_repeat=\u00bbno-repeat\u00bb bg_override=\u00bbex-full\u00bb enable_overlay=\u00bbenable_overlay_value\u00bb overlay_color=\u00bbrgba(0,0,0,0.5)\u00bb overlay_pattern=\u00bbtransperant\u00bb overlay_pattern_opacity=\u00bb25&#8243; type=\u00bbvc_default\u00bb margin_top=\u00bb-50&#8243; css=\u00bb.vc_custom_1631168817031{padding-top: 10% !important;padding-bottom: 10% !important;background-color: #000000 !important;}\u00bb][vc_column offset=\u00bbvc_col-lg-12 vc_col-md-12&#8243; css=\u00bb.vc_custom_1476030031960{padding-bottom: 10px !important;}\u00bb][\/vc_column][\/vc_row][vc_row content_placement=\u00bbmiddle\u00bb css=\u00bb.vc_custom_1580733807485{padding-top: 70px !important;padding-bottom: 20px !important;}\u00bb][vc_column][vc_row_inner][vc_column_inner width=\u00bb1\/2&#8243;][\/vc_column_inner][vc_column_inner width=\u00bb1\/2&#8243;][\/vc_column_inner][\/vc_row_inner][vc_empty_space][vc_empty_space][vc_column_text] Con el decreto de alarma el pasado 14 de marzo de 2020 debido a la situaci\u00f3n de crisis&hellip;<\/p>\n","protected":false},"author":1,"featured_media":59708,"parent":59500,"menu_order":7,"comment_status":"closed","ping_status":"closed","template":"","meta":{"_joinchat":[],"footnotes":""},"class_list":["post-59695","page","type-page","status-publish","has-post-thumbnail","hentry","description-off"],"yoast_head":"<!-- This site is optimized with the Yoast SEO plugin v27.3 - https:\/\/yoast.com\/product\/yoast-seo-wordpress\/ -->\n<title>Dudas y Medidas Jur\u00eddicas Coronavirus - Llad\u00f3 Grup<\/title>\n<meta name=\"robots\" content=\"index, follow, max-snippet:-1, max-image-preview:large, max-video-preview:-1\" \/>\n<link rel=\"canonical\" href=\"https:\/\/lladogrup.com\/es\/landing\/coronavirus\/dudas-y-medidas-juridicas-coronavirus\/\" \/>\n<meta property=\"og:locale\" content=\"es_ES\" \/>\n<meta property=\"og:type\" content=\"article\" \/>\n<meta property=\"og:title\" content=\"Dudas y Medidas Jur\u00eddicas Coronavirus - Llad\u00f3 Grup\" \/>\n<meta property=\"og:description\" content=\"[vc_row bg_type=\u00bbimage\u00bb parallax_style=\u00bbvcpb-default\u00bb bg_image_new=\u00bbid^59697|url^http:\/\/pre.lladogrup.com\/wp-content\/uploads\/2021\/09\/MesuresJuridiquesCovid19-1140&#215;353-1.jpeg|caption^null|alt^mesures juridiques covid 19 llado grup|title^MesuresJuridiquesCovid19-1140&#215;353-1|description^null\u00bb bg_image_repeat=\u00bbno-repeat\u00bb bg_override=\u00bbex-full\u00bb enable_overlay=\u00bbenable_overlay_value\u00bb overlay_color=\u00bbrgba(0,0,0,0.5)\u00bb overlay_pattern=\u00bbtransperant\u00bb overlay_pattern_opacity=\u00bb25&#8243; type=\u00bbvc_default\u00bb margin_top=\u00bb-50&#8243; css=\u00bb.vc_custom_1631168817031{padding-top: 10% !important;padding-bottom: 10% !important;background-color: #000000 !important;}\u00bb][vc_column offset=\u00bbvc_col-lg-12 vc_col-md-12&#8243; css=\u00bb.vc_custom_1476030031960{padding-bottom: 10px !important;}\u00bb][\/vc_column][\/vc_row][vc_row content_placement=\u00bbmiddle\u00bb css=\u00bb.vc_custom_1580733807485{padding-top: 70px !important;padding-bottom: 20px !important;}\u00bb][vc_column][vc_row_inner][vc_column_inner width=\u00bb1\/2&#8243;][\/vc_column_inner][vc_column_inner width=\u00bb1\/2&#8243;][\/vc_column_inner][\/vc_row_inner][vc_empty_space][vc_empty_space][vc_column_text] Con el decreto de alarma el pasado 14 de marzo de 2020 debido a la situaci\u00f3n de crisis&hellip;\" \/>\n<meta property=\"og:url\" content=\"https:\/\/lladogrup.com\/es\/landing\/coronavirus\/dudas-y-medidas-juridicas-coronavirus\/\" \/>\n<meta property=\"og:site_name\" content=\"Llad\u00f3 Grup\" \/>\n<meta property=\"article:modified_time\" content=\"2021-09-09T06:34:57+00:00\" \/>\n<meta property=\"og:image\" content=\"https:\/\/lladogrup.com\/wp-content\/uploads\/2021\/09\/JuridicasCOVID19-270x290esp.jpeg\" \/>\n\t<meta property=\"og:image:width\" content=\"270\" \/>\n\t<meta property=\"og:image:height\" content=\"290\" \/>\n\t<meta property=\"og:image:type\" content=\"image\/jpeg\" \/>\n<meta name=\"twitter:card\" content=\"summary_large_image\" \/>\n<meta name=\"twitter:label1\" content=\"Tiempo de lectura\" \/>\n\t<meta name=\"twitter:data1\" content=\"3 minutos\" \/>\n<script type=\"application\/ld+json\" class=\"yoast-schema-graph\">{\"@context\":\"https:\\\/\\\/schema.org\",\"@graph\":[{\"@type\":\"WebPage\",\"@id\":\"https:\\\/\\\/lladogrup.com\\\/es\\\/landing\\\/coronavirus\\\/dudas-y-medidas-juridicas-coronavirus\\\/\",\"url\":\"https:\\\/\\\/lladogrup.com\\\/es\\\/landing\\\/coronavirus\\\/dudas-y-medidas-juridicas-coronavirus\\\/\",\"name\":\"Dudas y Medidas Jur\u00eddicas Coronavirus - Llad\u00f3 Grup\",\"isPartOf\":{\"@id\":\"https:\\\/\\\/lladogrup.com\\\/#website\"},\"primaryImageOfPage\":{\"@id\":\"https:\\\/\\\/lladogrup.com\\\/es\\\/landing\\\/coronavirus\\\/dudas-y-medidas-juridicas-coronavirus\\\/#primaryimage\"},\"image\":{\"@id\":\"https:\\\/\\\/lladogrup.com\\\/es\\\/landing\\\/coronavirus\\\/dudas-y-medidas-juridicas-coronavirus\\\/#primaryimage\"},\"thumbnailUrl\":\"https:\\\/\\\/lladogrup.com\\\/wp-content\\\/uploads\\\/2021\\\/09\\\/JuridicasCOVID19-270x290esp.jpeg\",\"datePublished\":\"2021-09-09T06:33:45+00:00\",\"dateModified\":\"2021-09-09T06:34:57+00:00\",\"breadcrumb\":{\"@id\":\"https:\\\/\\\/lladogrup.com\\\/es\\\/landing\\\/coronavirus\\\/dudas-y-medidas-juridicas-coronavirus\\\/#breadcrumb\"},\"inLanguage\":\"es\",\"potentialAction\":[{\"@type\":\"ReadAction\",\"target\":[\"https:\\\/\\\/lladogrup.com\\\/es\\\/landing\\\/coronavirus\\\/dudas-y-medidas-juridicas-coronavirus\\\/\"]}]},{\"@type\":\"ImageObject\",\"inLanguage\":\"es\",\"@id\":\"https:\\\/\\\/lladogrup.com\\\/es\\\/landing\\\/coronavirus\\\/dudas-y-medidas-juridicas-coronavirus\\\/#primaryimage\",\"url\":\"https:\\\/\\\/lladogrup.com\\\/wp-content\\\/uploads\\\/2021\\\/09\\\/JuridicasCOVID19-270x290esp.jpeg\",\"contentUrl\":\"https:\\\/\\\/lladogrup.com\\\/wp-content\\\/uploads\\\/2021\\\/09\\\/JuridicasCOVID19-270x290esp.jpeg\",\"width\":270,\"height\":290,\"caption\":\"dudas juridicas coronovaris\"},{\"@type\":\"BreadcrumbList\",\"@id\":\"https:\\\/\\\/lladogrup.com\\\/es\\\/landing\\\/coronavirus\\\/dudas-y-medidas-juridicas-coronavirus\\\/#breadcrumb\",\"itemListElement\":[{\"@type\":\"ListItem\",\"position\":1,\"name\":\"Portada\",\"item\":\"https:\\\/\\\/lladogrup.com\\\/es\\\/\"},{\"@type\":\"ListItem\",\"position\":2,\"name\":\"Landing\",\"item\":\"https:\\\/\\\/lladogrup.com\\\/es\\\/landing\\\/\"},{\"@type\":\"ListItem\",\"position\":3,\"name\":\"Coronavirus\",\"item\":\"https:\\\/\\\/lladogrup.com\\\/es\\\/landing\\\/coronavirus\\\/\"},{\"@type\":\"ListItem\",\"position\":4,\"name\":\"Dudas y Medidas Jur\u00eddicas Coronavirus\"}]},{\"@type\":\"WebSite\",\"@id\":\"https:\\\/\\\/lladogrup.com\\\/#website\",\"url\":\"https:\\\/\\\/lladogrup.com\\\/\",\"name\":\"Llad\u00f3 Grup\",\"description\":\"Consultoria i gestoria\",\"potentialAction\":[{\"@type\":\"SearchAction\",\"target\":{\"@type\":\"EntryPoint\",\"urlTemplate\":\"https:\\\/\\\/lladogrup.com\\\/?s={search_term_string}\"},\"query-input\":{\"@type\":\"PropertyValueSpecification\",\"valueRequired\":true,\"valueName\":\"search_term_string\"}}],\"inLanguage\":\"es\"}]}<\/script>\n<!-- \/ Yoast SEO plugin. -->","yoast_head_json":{"title":"Dudas y Medidas Jur\u00eddicas Coronavirus - Llad\u00f3 Grup","robots":{"index":"index","follow":"follow","max-snippet":"max-snippet:-1","max-image-preview":"max-image-preview:large","max-video-preview":"max-video-preview:-1"},"canonical":"https:\/\/lladogrup.com\/es\/landing\/coronavirus\/dudas-y-medidas-juridicas-coronavirus\/","og_locale":"es_ES","og_type":"article","og_title":"Dudas y Medidas Jur\u00eddicas Coronavirus - Llad\u00f3 Grup","og_description":"[vc_row bg_type=\u00bbimage\u00bb parallax_style=\u00bbvcpb-default\u00bb bg_image_new=\u00bbid^59697|url^http:\/\/pre.lladogrup.com\/wp-content\/uploads\/2021\/09\/MesuresJuridiquesCovid19-1140&#215;353-1.jpeg|caption^null|alt^mesures juridiques covid 19 llado grup|title^MesuresJuridiquesCovid19-1140&#215;353-1|description^null\u00bb bg_image_repeat=\u00bbno-repeat\u00bb bg_override=\u00bbex-full\u00bb enable_overlay=\u00bbenable_overlay_value\u00bb overlay_color=\u00bbrgba(0,0,0,0.5)\u00bb overlay_pattern=\u00bbtransperant\u00bb overlay_pattern_opacity=\u00bb25&#8243; type=\u00bbvc_default\u00bb margin_top=\u00bb-50&#8243; css=\u00bb.vc_custom_1631168817031{padding-top: 10% !important;padding-bottom: 10% !important;background-color: #000000 !important;}\u00bb][vc_column offset=\u00bbvc_col-lg-12 vc_col-md-12&#8243; css=\u00bb.vc_custom_1476030031960{padding-bottom: 10px !important;}\u00bb][\/vc_column][\/vc_row][vc_row content_placement=\u00bbmiddle\u00bb css=\u00bb.vc_custom_1580733807485{padding-top: 70px !important;padding-bottom: 20px !important;}\u00bb][vc_column][vc_row_inner][vc_column_inner width=\u00bb1\/2&#8243;][\/vc_column_inner][vc_column_inner width=\u00bb1\/2&#8243;][\/vc_column_inner][\/vc_row_inner][vc_empty_space][vc_empty_space][vc_column_text] Con el decreto de alarma el pasado 14 de marzo de 2020 debido a la situaci\u00f3n de crisis&hellip;","og_url":"https:\/\/lladogrup.com\/es\/landing\/coronavirus\/dudas-y-medidas-juridicas-coronavirus\/","og_site_name":"Llad\u00f3 Grup","article_modified_time":"2021-09-09T06:34:57+00:00","og_image":[{"width":270,"height":290,"url":"https:\/\/lladogrup.com\/wp-content\/uploads\/2021\/09\/JuridicasCOVID19-270x290esp.jpeg","type":"image\/jpeg"}],"twitter_card":"summary_large_image","twitter_misc":{"Tiempo de lectura":"3 minutos"},"schema":{"@context":"https:\/\/schema.org","@graph":[{"@type":"WebPage","@id":"https:\/\/lladogrup.com\/es\/landing\/coronavirus\/dudas-y-medidas-juridicas-coronavirus\/","url":"https:\/\/lladogrup.com\/es\/landing\/coronavirus\/dudas-y-medidas-juridicas-coronavirus\/","name":"Dudas y Medidas Jur\u00eddicas Coronavirus - Llad\u00f3 Grup","isPartOf":{"@id":"https:\/\/lladogrup.com\/#website"},"primaryImageOfPage":{"@id":"https:\/\/lladogrup.com\/es\/landing\/coronavirus\/dudas-y-medidas-juridicas-coronavirus\/#primaryimage"},"image":{"@id":"https:\/\/lladogrup.com\/es\/landing\/coronavirus\/dudas-y-medidas-juridicas-coronavirus\/#primaryimage"},"thumbnailUrl":"https:\/\/lladogrup.com\/wp-content\/uploads\/2021\/09\/JuridicasCOVID19-270x290esp.jpeg","datePublished":"2021-09-09T06:33:45+00:00","dateModified":"2021-09-09T06:34:57+00:00","breadcrumb":{"@id":"https:\/\/lladogrup.com\/es\/landing\/coronavirus\/dudas-y-medidas-juridicas-coronavirus\/#breadcrumb"},"inLanguage":"es","potentialAction":[{"@type":"ReadAction","target":["https:\/\/lladogrup.com\/es\/landing\/coronavirus\/dudas-y-medidas-juridicas-coronavirus\/"]}]},{"@type":"ImageObject","inLanguage":"es","@id":"https:\/\/lladogrup.com\/es\/landing\/coronavirus\/dudas-y-medidas-juridicas-coronavirus\/#primaryimage","url":"https:\/\/lladogrup.com\/wp-content\/uploads\/2021\/09\/JuridicasCOVID19-270x290esp.jpeg","contentUrl":"https:\/\/lladogrup.com\/wp-content\/uploads\/2021\/09\/JuridicasCOVID19-270x290esp.jpeg","width":270,"height":290,"caption":"dudas juridicas coronovaris"},{"@type":"BreadcrumbList","@id":"https:\/\/lladogrup.com\/es\/landing\/coronavirus\/dudas-y-medidas-juridicas-coronavirus\/#breadcrumb","itemListElement":[{"@type":"ListItem","position":1,"name":"Portada","item":"https:\/\/lladogrup.com\/es\/"},{"@type":"ListItem","position":2,"name":"Landing","item":"https:\/\/lladogrup.com\/es\/landing\/"},{"@type":"ListItem","position":3,"name":"Coronavirus","item":"https:\/\/lladogrup.com\/es\/landing\/coronavirus\/"},{"@type":"ListItem","position":4,"name":"Dudas y Medidas Jur\u00eddicas Coronavirus"}]},{"@type":"WebSite","@id":"https:\/\/lladogrup.com\/#website","url":"https:\/\/lladogrup.com\/","name":"Llad\u00f3 Grup","description":"Consultoria i gestoria","potentialAction":[{"@type":"SearchAction","target":{"@type":"EntryPoint","urlTemplate":"https:\/\/lladogrup.com\/?s={search_term_string}"},"query-input":{"@type":"PropertyValueSpecification","valueRequired":true,"valueName":"search_term_string"}}],"inLanguage":"es"}]}},"_links":{"self":[{"href":"https:\/\/lladogrup.com\/es\/wp-json\/wp\/v2\/pages\/59695","targetHints":{"allow":["GET"]}}],"collection":[{"href":"https:\/\/lladogrup.com\/es\/wp-json\/wp\/v2\/pages"}],"about":[{"href":"https:\/\/lladogrup.com\/es\/wp-json\/wp\/v2\/types\/page"}],"author":[{"embeddable":true,"href":"https:\/\/lladogrup.com\/es\/wp-json\/wp\/v2\/users\/1"}],"replies":[{"embeddable":true,"href":"https:\/\/lladogrup.com\/es\/wp-json\/wp\/v2\/comments?post=59695"}],"version-history":[{"count":3,"href":"https:\/\/lladogrup.com\/es\/wp-json\/wp\/v2\/pages\/59695\/revisions"}],"predecessor-version":[{"id":59707,"href":"https:\/\/lladogrup.com\/es\/wp-json\/wp\/v2\/pages\/59695\/revisions\/59707"}],"up":[{"embeddable":true,"href":"https:\/\/lladogrup.com\/es\/wp-json\/wp\/v2\/pages\/59500"}],"wp:featuredmedia":[{"embeddable":true,"href":"https:\/\/lladogrup.com\/es\/wp-json\/wp\/v2\/media\/59708"}],"wp:attachment":[{"href":"https:\/\/lladogrup.com\/es\/wp-json\/wp\/v2\/media?parent=59695"}],"curies":[{"name":"wp","href":"https:\/\/api.w.org\/{rel}","templated":true}]}}