{"id":95451,"date":"2025-11-05T16:33:35","date_gmt":"2025-11-05T15:33:35","guid":{"rendered":"https:\/\/lladogrup.com\/events\/factura_electronica_pimes_autonoms_granollers_10desembre\/"},"modified":"2025-12-12T12:23:15","modified_gmt":"2025-12-12T11:23:15","slug":"factura_electronica_pymes_autonomos_granollers_10diciembre","status":"publish","type":"mec-events","link":"https:\/\/lladogrup.com\/es\/events\/factura_electronica_pymes_autonomos_granollers_10diciembre\/","title":{"rendered":"10\/12\/2025 Factura electr\u00f3nica para pymes y aut\u00f3nomos"},"content":{"rendered":"<div class=\"wpb-content-wrapper\"><p>[vc_row][vc_column][vc_column_text css=\u00bb\u00bb]<\/p>\n<h4><strong><span style=\"color: #fe5d3a;\">Tem\u00e1tica<\/span><\/strong><\/h4>\n<h4><strong>Desarrollo reglamentario e implantaci\u00f3n.<br \/>\n<\/strong><\/h4>\n<p style=\"text-align: justify;\">La <strong>factura electr\u00f3nica<\/strong> se convertir\u00e1 en una <strong>herramienta clave para la transformaci\u00f3n digital<\/strong> en el \u00e1mbito empresarial.<\/p>\n<p style=\"text-align: justify;\">En esta sesi\u00f3n abordaremos los aspectos m\u00e1s relevantes de este sistema, dise\u00f1ado para sustituir las facturas tradicionales en papel por un formato digital que garantiza la eficiencia, seguridad a la misma vez de satisfacer el desempe\u00f1o normativo.<\/p>\n<p style=\"text-align: justify;\">Destacaremos la <strong>normativa aprobada<\/strong> hasta este momento, los<strong> plazos de implantaci\u00f3n<\/strong>, as\u00ed como los <strong>obligados tributarios<\/strong> y las <strong>plataformas de intercambio<\/strong> de<strong> facturas electr\u00f3nicas<\/strong>, tanto las soluciones privadas como p\u00fablicas.<\/p>\n<p style=\"text-align: justify;\">Adem\u00e1s, exploraremos los <strong>requisitos t\u00e9cnicos y legales <\/strong>para su adopci\u00f3n, as\u00ed como los esquemas XML y otros previstos por el desarrollo reglamentario.<\/p>\n<h4 style=\"text-align: justify;\"><strong><span style=\"color: #fe5d3a;\">Programa de la jornada<\/span><\/strong><\/h4>\n<p>9:20 h\u00a0 &#8211; <strong>Recepci\u00f3n<\/strong><strong> de asistentes<\/strong><\/p>\n<p>9:30 h\u00a0 &#8211; <strong>Bienvenida<\/strong><\/p>\n<p>9:35 h &#8211;\u00a0 <strong>La factura electr\u00f3nica<\/strong><\/p>\n<ul>\n<li>Normativa y marco legal<\/li>\n<li>Plazos de implantaci\u00f3n<\/li>\n<li>Desarrollo reglamentario<\/li>\n<li>Obligados tributarios<\/li>\n<li>Sistemas inform\u00e1ticos de facturaci\u00f3n<\/li>\n<li>Diferencias entre factura electr\u00f3nica y Veri*Factu<\/li>\n<li>Cuadro resumen de obligaciones<\/li>\n<\/ul>\n<p>11:00 h &#8211; <strong>Ruegos y preguntas<\/strong><\/p>\n<h4><strong><span style=\"color: #fe5d3a;\">Destinatarios<\/span><\/strong><\/h4>\n<p>Aut\u00f3nomos y pymes.<\/p>\n<h4><strong><span style=\"color: #fe5d3a;\">Ponente de la Jornada<\/span><\/strong><\/h4>\n<p><strong>David Campos<\/strong>, Economista de <strong>Llad\u00f3 Grup Consultor<\/strong>.<\/p>\n<h4><strong><span style=\"color: #fe5d3a;\">Lugar de la jornada<\/span><\/strong><\/h4>\n<div><strong>Can Muntanyola Centre de serveis a les empreses de Granollers.<\/strong><\/div>\n<div>Pol\u00edgono Industrial Palou Nord, Cam\u00ed del Mig, 22, 08401 Granollers.<\/div>\n<div><\/div>\n<p>[\/vc_column_text][\/vc_column][\/vc_row][vc_row][vc_column]<style type=\"text\/css\" data-type=\"the7_shortcodes-inline-css\">#default-btn-e015afaedae9e9f7ef2843884255e838.ico-right-side > i {\n  margin-right: 0px;\n  margin-left: 8px;\n}\n#default-btn-e015afaedae9e9f7ef2843884255e838 > i {\n  margin-right: 8px;\n}<\/style><div class=\"btn-align-center\"><a href=\"https:\/\/lladogrup.com\/wp-content\/uploads\/2025\/12\/20251210-Jornada_facturacio_electronica_GRN.pdf\" class=\"default-btn-shortcode dt-btn dt-btn-l link-hover-off \" target=\"_blank\" id=\"default-btn-e015afaedae9e9f7ef2843884255e838\" style=\"width:200px;\" rel=\"noopener\"><i class=\"dt-icon-the7-download\"><\/i><span>DESCARGA PRESENTACI\u00d3N<\/span><\/a><\/div>[\/vc_column][\/vc_row]<\/p>\n<\/div>","protected":false},"excerpt":{"rendered":"<p>[vc_row][vc_column][vc_column_text css=\u00bb\u00bb] Tem\u00e1tica Desarrollo reglamentario e implantaci\u00f3n. La factura electr\u00f3nica se convertir\u00e1 en una herramienta clave para la transformaci\u00f3n digital en el \u00e1mbito empresarial. En esta sesi\u00f3n abordaremos los aspectos m\u00e1s relevantes de este sistema, dise\u00f1ado para sustituir las facturas tradicionales en papel por un formato digital que garantiza la eficiencia, seguridad a la misma&hellip;<\/p>\n","protected":false},"author":1,"featured_media":94488,"comment_status":"closed","ping_status":"closed","template":"","tags":[],"mec_category":[2204],"class_list":["post-95451","mec-events","type-mec-events","status-publish","has-post-thumbnail","hentry","mec_category-jornada-es","description-off"],"yoast_head":"<!-- This site is optimized with the Yoast SEO plugin v27.3 - https:\/\/yoast.com\/product\/yoast-seo-wordpress\/ -->\n<title>Factura electr\u00f3nica para pyme y aut\u00f3nomos -Llad\u00f3 Grup Consultor-<\/title>\n<meta name=\"description\" content=\"Si quieres estar informado sobre la factura electr\u00f3nica para tu empresa. Jornada informativa en Granollers de Llad\u00f3 Grup.\" \/>\n<meta name=\"robots\" content=\"index, follow, max-snippet:-1, max-image-preview:large, max-video-preview:-1\" \/>\n<link rel=\"canonical\" href=\"https:\/\/lladogrup.com\/es\/events\/factura_electronica_pymes_autonomos_granollers_10diciembre\/\" \/>\n<meta property=\"og:locale\" content=\"es_ES\" \/>\n<meta property=\"og:type\" content=\"article\" \/>\n<meta property=\"og:title\" content=\"Factura electr\u00f3nica para pyme y aut\u00f3nomos -Llad\u00f3 Grup Consultor-\" \/>\n<meta property=\"og:description\" content=\"Si quieres estar informado sobre la factura electr\u00f3nica para tu empresa. Jornada informativa en Granollers de Llad\u00f3 Grup.\" \/>\n<meta property=\"og:url\" content=\"https:\/\/lladogrup.com\/es\/events\/factura_electronica_pymes_autonomos_granollers_10diciembre\/\" \/>\n<meta property=\"og:site_name\" content=\"Llad\u00f3 Grup\" \/>\n<meta property=\"article:modified_time\" content=\"2025-12-12T11:23:15+00:00\" \/>\n<meta property=\"og:image\" content=\"https:\/\/lladogrup.com\/wp-content\/uploads\/2025\/10\/Jornada_factura_electronica-780x280-1.jpg\" \/>\n\t<meta property=\"og:image:width\" content=\"780\" \/>\n\t<meta property=\"og:image:height\" content=\"279\" \/>\n\t<meta property=\"og:image:type\" content=\"image\/jpeg\" \/>\n<meta name=\"twitter:card\" content=\"summary_large_image\" \/>\n<meta name=\"twitter:label1\" content=\"Tiempo de lectura\" \/>\n\t<meta name=\"twitter:data1\" content=\"2 minutos\" \/>\n<script type=\"application\/ld+json\" class=\"yoast-schema-graph\">{\"@context\":\"https:\\\/\\\/schema.org\",\"@graph\":[{\"@type\":\"WebPage\",\"@id\":\"https:\\\/\\\/lladogrup.com\\\/es\\\/events\\\/factura_electronica_pymes_autonomos_granollers_10diciembre\\\/\",\"url\":\"https:\\\/\\\/lladogrup.com\\\/es\\\/events\\\/factura_electronica_pymes_autonomos_granollers_10diciembre\\\/\",\"name\":\"Factura electr\u00f3nica para pyme y aut\u00f3nomos -Llad\u00f3 Grup Consultor-\",\"isPartOf\":{\"@id\":\"https:\\\/\\\/lladogrup.com\\\/#website\"},\"primaryImageOfPage\":{\"@id\":\"https:\\\/\\\/lladogrup.com\\\/es\\\/events\\\/factura_electronica_pymes_autonomos_granollers_10diciembre\\\/#primaryimage\"},\"image\":{\"@id\":\"https:\\\/\\\/lladogrup.com\\\/es\\\/events\\\/factura_electronica_pymes_autonomos_granollers_10diciembre\\\/#primaryimage\"},\"thumbnailUrl\":\"https:\\\/\\\/lladogrup.com\\\/wp-content\\\/uploads\\\/2025\\\/10\\\/Jornada_factura_electronica-780x280-1.jpg\",\"datePublished\":\"2025-11-05T15:33:35+00:00\",\"dateModified\":\"2025-12-12T11:23:15+00:00\",\"description\":\"Si quieres estar informado sobre la factura electr\u00f3nica para tu empresa. Jornada informativa en Granollers de Llad\u00f3 Grup.\",\"breadcrumb\":{\"@id\":\"https:\\\/\\\/lladogrup.com\\\/es\\\/events\\\/factura_electronica_pymes_autonomos_granollers_10diciembre\\\/#breadcrumb\"},\"inLanguage\":\"es\",\"potentialAction\":[{\"@type\":\"ReadAction\",\"target\":[\"https:\\\/\\\/lladogrup.com\\\/es\\\/events\\\/factura_electronica_pymes_autonomos_granollers_10diciembre\\\/\"]}]},{\"@type\":\"ImageObject\",\"inLanguage\":\"es\",\"@id\":\"https:\\\/\\\/lladogrup.com\\\/es\\\/events\\\/factura_electronica_pymes_autonomos_granollers_10diciembre\\\/#primaryimage\",\"url\":\"https:\\\/\\\/lladogrup.com\\\/wp-content\\\/uploads\\\/2025\\\/10\\\/Jornada_factura_electronica-780x280-1.jpg\",\"contentUrl\":\"https:\\\/\\\/lladogrup.com\\\/wp-content\\\/uploads\\\/2025\\\/10\\\/Jornada_factura_electronica-780x280-1.jpg\",\"width\":780,\"height\":279,\"caption\":\"Jornada factura electronica. Llado Grup\"},{\"@type\":\"BreadcrumbList\",\"@id\":\"https:\\\/\\\/lladogrup.com\\\/es\\\/events\\\/factura_electronica_pymes_autonomos_granollers_10diciembre\\\/#breadcrumb\",\"itemListElement\":[{\"@type\":\"ListItem\",\"position\":1,\"name\":\"Portada\",\"item\":\"https:\\\/\\\/lladogrup.com\\\/es\\\/\"},{\"@type\":\"ListItem\",\"position\":2,\"name\":\"Events\",\"item\":\"https:\\\/\\\/lladogrup.com\\\/events\\\/\"},{\"@type\":\"ListItem\",\"position\":3,\"name\":\"10\\\/12\\\/2025 Factura electr\u00f3nica para pymes y aut\u00f3nomos\"}]},{\"@type\":\"WebSite\",\"@id\":\"https:\\\/\\\/lladogrup.com\\\/#website\",\"url\":\"https:\\\/\\\/lladogrup.com\\\/\",\"name\":\"Llad\u00f3 Grup\",\"description\":\"Consultoria i gestoria\",\"potentialAction\":[{\"@type\":\"SearchAction\",\"target\":{\"@type\":\"EntryPoint\",\"urlTemplate\":\"https:\\\/\\\/lladogrup.com\\\/?s={search_term_string}\"},\"query-input\":{\"@type\":\"PropertyValueSpecification\",\"valueRequired\":true,\"valueName\":\"search_term_string\"}}],\"inLanguage\":\"es\"}]}<\/script>\n<!-- \/ Yoast SEO plugin. -->","yoast_head_json":{"title":"Factura electr\u00f3nica para pyme y aut\u00f3nomos -Llad\u00f3 Grup Consultor-","description":"Si quieres estar informado sobre la factura electr\u00f3nica para tu empresa. Jornada informativa en Granollers de Llad\u00f3 Grup.","robots":{"index":"index","follow":"follow","max-snippet":"max-snippet:-1","max-image-preview":"max-image-preview:large","max-video-preview":"max-video-preview:-1"},"canonical":"https:\/\/lladogrup.com\/es\/events\/factura_electronica_pymes_autonomos_granollers_10diciembre\/","og_locale":"es_ES","og_type":"article","og_title":"Factura electr\u00f3nica para pyme y aut\u00f3nomos -Llad\u00f3 Grup Consultor-","og_description":"Si quieres estar informado sobre la factura electr\u00f3nica para tu empresa. Jornada informativa en Granollers de Llad\u00f3 Grup.","og_url":"https:\/\/lladogrup.com\/es\/events\/factura_electronica_pymes_autonomos_granollers_10diciembre\/","og_site_name":"Llad\u00f3 Grup","article_modified_time":"2025-12-12T11:23:15+00:00","og_image":[{"width":780,"height":279,"url":"https:\/\/lladogrup.com\/wp-content\/uploads\/2025\/10\/Jornada_factura_electronica-780x280-1.jpg","type":"image\/jpeg"}],"twitter_card":"summary_large_image","twitter_misc":{"Tiempo de lectura":"2 minutos"},"schema":{"@context":"https:\/\/schema.org","@graph":[{"@type":"WebPage","@id":"https:\/\/lladogrup.com\/es\/events\/factura_electronica_pymes_autonomos_granollers_10diciembre\/","url":"https:\/\/lladogrup.com\/es\/events\/factura_electronica_pymes_autonomos_granollers_10diciembre\/","name":"Factura electr\u00f3nica para pyme y aut\u00f3nomos -Llad\u00f3 Grup Consultor-","isPartOf":{"@id":"https:\/\/lladogrup.com\/#website"},"primaryImageOfPage":{"@id":"https:\/\/lladogrup.com\/es\/events\/factura_electronica_pymes_autonomos_granollers_10diciembre\/#primaryimage"},"image":{"@id":"https:\/\/lladogrup.com\/es\/events\/factura_electronica_pymes_autonomos_granollers_10diciembre\/#primaryimage"},"thumbnailUrl":"https:\/\/lladogrup.com\/wp-content\/uploads\/2025\/10\/Jornada_factura_electronica-780x280-1.jpg","datePublished":"2025-11-05T15:33:35+00:00","dateModified":"2025-12-12T11:23:15+00:00","description":"Si quieres estar informado sobre la factura electr\u00f3nica para tu empresa. Jornada informativa en Granollers de Llad\u00f3 Grup.","breadcrumb":{"@id":"https:\/\/lladogrup.com\/es\/events\/factura_electronica_pymes_autonomos_granollers_10diciembre\/#breadcrumb"},"inLanguage":"es","potentialAction":[{"@type":"ReadAction","target":["https:\/\/lladogrup.com\/es\/events\/factura_electronica_pymes_autonomos_granollers_10diciembre\/"]}]},{"@type":"ImageObject","inLanguage":"es","@id":"https:\/\/lladogrup.com\/es\/events\/factura_electronica_pymes_autonomos_granollers_10diciembre\/#primaryimage","url":"https:\/\/lladogrup.com\/wp-content\/uploads\/2025\/10\/Jornada_factura_electronica-780x280-1.jpg","contentUrl":"https:\/\/lladogrup.com\/wp-content\/uploads\/2025\/10\/Jornada_factura_electronica-780x280-1.jpg","width":780,"height":279,"caption":"Jornada factura electronica. Llado Grup"},{"@type":"BreadcrumbList","@id":"https:\/\/lladogrup.com\/es\/events\/factura_electronica_pymes_autonomos_granollers_10diciembre\/#breadcrumb","itemListElement":[{"@type":"ListItem","position":1,"name":"Portada","item":"https:\/\/lladogrup.com\/es\/"},{"@type":"ListItem","position":2,"name":"Events","item":"https:\/\/lladogrup.com\/events\/"},{"@type":"ListItem","position":3,"name":"10\/12\/2025 Factura electr\u00f3nica para pymes y aut\u00f3nomos"}]},{"@type":"WebSite","@id":"https:\/\/lladogrup.com\/#website","url":"https:\/\/lladogrup.com\/","name":"Llad\u00f3 Grup","description":"Consultoria i gestoria","potentialAction":[{"@type":"SearchAction","target":{"@type":"EntryPoint","urlTemplate":"https:\/\/lladogrup.com\/?s={search_term_string}"},"query-input":{"@type":"PropertyValueSpecification","valueRequired":true,"valueName":"search_term_string"}}],"inLanguage":"es"}]}},"_links":{"self":[{"href":"https:\/\/lladogrup.com\/es\/wp-json\/wp\/v2\/mec-events\/95451","targetHints":{"allow":["GET"]}}],"collection":[{"href":"https:\/\/lladogrup.com\/es\/wp-json\/wp\/v2\/mec-events"}],"about":[{"href":"https:\/\/lladogrup.com\/es\/wp-json\/wp\/v2\/types\/mec-events"}],"author":[{"embeddable":true,"href":"https:\/\/lladogrup.com\/es\/wp-json\/wp\/v2\/users\/1"}],"replies":[{"embeddable":true,"href":"https:\/\/lladogrup.com\/es\/wp-json\/wp\/v2\/comments?post=95451"}],"wp:featuredmedia":[{"embeddable":true,"href":"https:\/\/lladogrup.com\/es\/wp-json\/wp\/v2\/media\/94488"}],"wp:attachment":[{"href":"https:\/\/lladogrup.com\/es\/wp-json\/wp\/v2\/media?parent=95451"}],"wp:term":[{"taxonomy":"post_tag","embeddable":true,"href":"https:\/\/lladogrup.com\/es\/wp-json\/wp\/v2\/tags?post=95451"},{"taxonomy":"mec_category","embeddable":true,"href":"https:\/\/lladogrup.com\/es\/wp-json\/wp\/v2\/mec_category?post=95451"}],"curies":[{"name":"wp","href":"https:\/\/api.w.org\/{rel}","templated":true}]}}