{"id":67889,"date":"2023-04-11T16:49:24","date_gmt":"2023-04-11T14:49:24","guid":{"rendered":"https:\/\/lladogrup.com\/events\/responsabilitat-administradors-i-directors_sant_feliu\/"},"modified":"2023-05-09T15:18:28","modified_gmt":"2023-05-09T13:18:28","slug":"responsabilidad-administradores-y-directores_sant_feliu","status":"publish","type":"mec-events","link":"https:\/\/lladogrup.com\/es\/events\/responsabilidad-administradores-y-directores_sant_feliu\/","title":{"rendered":"Jornada 12\/04\/23 Responsabilidad Administradores y Directores"},"content":{"rendered":"<div class=\"wpb-content-wrapper\"><p>[vc_row][vc_column][vc_column_text]<\/p>\n<h2><span style=\"color: #fe5d3a;\">Tem\u00e1tica de la jornada<\/span><\/h2>\n<p style=\"text-align: justify;\">Conocer los potentes mecanismos de Hacienda para <strong>cobrar los impuestos<\/strong>.<\/p>\n<p>Cuando las empresas tienen problemas para pagar sus <strong>impuestos a Hacienda<\/strong>, o a otros administraciones p\u00fablicas, estos organismos centran su atenci\u00f3n en las personas que administran estas empresas, con intenci\u00f3n de poder cobrar y hacen todo el necesario porque estas cumplan con sus obligaciones tributarias.<\/p>\n<p>Pero adem\u00e1s de los administradores, pueden quedar obligadas otras personas que colaboren como por ejemplo en la obstrucci\u00f3n de cobro o en el ocultamiento del patrimonio de los administradores. As\u00ed, dependiendo del que se haga, es posible que responda el c\u00f3nyuge o hijos de estos administradores que intenten evitar el pago de los impuestos.<\/p>\n<h2><\/h2>\n<h2><span style=\"color: #fe5d3a;\">Objetivo de la jornada<\/span><\/h2>\n<p class=\"xmsonormal\"><strong>9:30 h. Inicio<\/strong><\/p>\n<p class=\"xmsonormal\"><strong>\u00bfQui\u00e9n responde de los impuestos de la sociedad?<\/strong><\/p>\n<p class=\"xmsonormal\"><strong>Aclaramos conceptos<\/strong><\/p>\n<ul>\n<li>Deudor principal<\/li>\n<li>Responsable subsidiario<\/li>\n<li>Responsable solidario<\/li>\n<li>Administradores de sociedades<\/li>\n<li>Alcance de la responsabilidad<\/li>\n<li>Medidas cautelares<\/li>\n<\/ul>\n<p class=\"xmsonormal\"><strong>Responsabilidad por:<\/strong><\/p>\n<ul>\n<li>Colaborar en la comisi\u00f3n de infracciones y personas afectadas<\/li>\n<li>Obstrucci\u00f3n a la acci\u00f3n de cobro de la Administraci\u00f3n Tributaria\n<ul>\n<li>Especial atenci\u00f3n en los embargos<\/li>\n<li>Ocultaci\u00f3n de bienes<\/li>\n<\/ul>\n<\/li>\n<li>Cuando cese en la actividad de la sociedad<\/li>\n<li>Administraci\u00f3n concursal y liquidadores<\/li>\n<li>No ingreso de declaraciones peri\u00f3dicas de impuestos.<\/li>\n<li>Cura en contratar.<\/li>\n<li>\u00bfQu\u00e9 hace la administraci\u00f3n para cobrar las deudas?<\/li>\n<\/ul>\n<p class=\"xmsonormal\"><strong>Procedimiento en la derivaci\u00f3n de responsabilidad<\/strong><\/p>\n<ul>\n<li>Acuerdo de declaraci\u00f3n de responsabilidad<\/li>\n<li>Impugnaci\u00f3n<\/li>\n<li>Prescripci\u00f3n de los responsables<\/li>\n<li>Responsabilidad en sociedades disueltas y liquidadas<\/li>\n<\/ul>\n<p class=\"xmsonormal\"><strong>11:00 h. Fin de la sessi\u00f3n<\/strong><\/p>\n<h2><\/h2>\n<h2><span style=\"color: #fe5d3a;\">Registro Jornada<\/span><\/h2>\n<p><strong>Formato:<\/strong> Jornada<\/p>\n<p><strong>Coste:<\/strong> Gratuito.<\/p>\n<p><strong>Durada<\/strong>: 9:30h a 11h.<\/p>\n<h2><span style=\"color: #fe5d3a;\">Ponente de la Jornada<\/span><\/h2>\n<p><strong>Josep Cid<\/strong>, Socio-Director del \u00c1rea Econ\u00f3mica y Tributaria de <strong>Llad\u00f3 Grup Consultor<\/strong>.<\/p>\n<h2><span style=\"color: #fe5d3a;\">Lugar de realizaci\u00f3n<\/span><\/h2>\n<div><strong>CAMBRA TERRITORIAL AL BAIX LLOBREGAT\u00a0<\/strong><\/div>\n<div>C\/ Laure\u00e0 Mir\u00f3, 350<\/div>\n<div>08980 Sant Feliu de Llobregat<\/div>\n<div>934169300 ext. 1037<\/div>\n<div>Correu electr\u00f2nic: baixllobregat@cambrabcn.cat<\/div>\n<p>[\/vc_column_text][\/vc_column][\/vc_row]<\/p>\n<\/div>","protected":false},"excerpt":{"rendered":"<p>[vc_row][vc_column][vc_column_text] Tem\u00e1tica de la jornada Conocer los potentes mecanismos de Hacienda para cobrar los impuestos. Cuando las empresas tienen problemas para pagar sus impuestos a Hacienda, o a otros administraciones p\u00fablicas, estos organismos centran su atenci\u00f3n en las personas que administran estas empresas, con intenci\u00f3n de poder cobrar y hacen todo el necesario porque estas&hellip;<\/p>\n","protected":false},"author":1,"featured_media":62445,"comment_status":"closed","ping_status":"closed","template":"","tags":[],"mec_category":[2204],"class_list":["post-67889","mec-events","type-mec-events","status-publish","has-post-thumbnail","hentry","mec_category-jornada-es","description-off"],"yoast_head":"<!-- This site is optimized with the Yoast SEO plugin v27.3 - https:\/\/yoast.com\/product\/yoast-seo-wordpress\/ -->\n<title>Jornada Derivaci\u00f3n de Responsabilidades Administradores y Directores<\/title>\n<meta name=\"description\" content=\"Jornada gratuita a Sant Feliu Llob., sobre la derivaci\u00f3n de responsabilidades a los Administradores y directores.\" \/>\n<meta name=\"robots\" content=\"index, follow, max-snippet:-1, max-image-preview:large, max-video-preview:-1\" \/>\n<link rel=\"canonical\" href=\"https:\/\/lladogrup.com\/es\/events\/responsabilidad-administradores-y-directores_sant_feliu\/\" \/>\n<meta property=\"og:locale\" content=\"es_ES\" \/>\n<meta property=\"og:type\" content=\"article\" \/>\n<meta property=\"og:title\" content=\"Jornada Derivaci\u00f3n de Responsabilidades Administradores y Directores\" \/>\n<meta property=\"og:description\" content=\"Jornada gratuita a Sant Feliu Llob., sobre la derivaci\u00f3n de responsabilidades a los Administradores y directores.\" \/>\n<meta property=\"og:url\" content=\"https:\/\/lladogrup.com\/es\/events\/responsabilidad-administradores-y-directores_sant_feliu\/\" \/>\n<meta property=\"og:site_name\" content=\"Llad\u00f3 Grup\" \/>\n<meta property=\"article:modified_time\" content=\"2023-05-09T13:18:28+00:00\" \/>\n<meta property=\"og:image\" content=\"https:\/\/lladogrup.com\/wp-content\/uploads\/2022\/01\/20220113-novetats_impostos_2022-1000x667-1.jpg\" \/>\n\t<meta property=\"og:image:width\" content=\"1000\" \/>\n\t<meta property=\"og:image:height\" content=\"667\" \/>\n\t<meta property=\"og:image:type\" content=\"image\/jpeg\" \/>\n<meta name=\"twitter:card\" content=\"summary_large_image\" \/>\n<meta name=\"twitter:label1\" content=\"Tiempo de lectura\" \/>\n\t<meta name=\"twitter:data1\" content=\"2 minutos\" \/>\n<script type=\"application\/ld+json\" class=\"yoast-schema-graph\">{\"@context\":\"https:\\\/\\\/schema.org\",\"@graph\":[{\"@type\":\"WebPage\",\"@id\":\"https:\\\/\\\/lladogrup.com\\\/es\\\/events\\\/responsabilidad-administradores-y-directores_sant_feliu\\\/\",\"url\":\"https:\\\/\\\/lladogrup.com\\\/es\\\/events\\\/responsabilidad-administradores-y-directores_sant_feliu\\\/\",\"name\":\"Jornada Derivaci\u00f3n de Responsabilidades Administradores y Directores\",\"isPartOf\":{\"@id\":\"https:\\\/\\\/lladogrup.com\\\/#website\"},\"primaryImageOfPage\":{\"@id\":\"https:\\\/\\\/lladogrup.com\\\/es\\\/events\\\/responsabilidad-administradores-y-directores_sant_feliu\\\/#primaryimage\"},\"image\":{\"@id\":\"https:\\\/\\\/lladogrup.com\\\/es\\\/events\\\/responsabilidad-administradores-y-directores_sant_feliu\\\/#primaryimage\"},\"thumbnailUrl\":\"https:\\\/\\\/lladogrup.com\\\/wp-content\\\/uploads\\\/2022\\\/01\\\/20220113-novetats_impostos_2022-1000x667-1.jpg\",\"datePublished\":\"2023-04-11T14:49:24+00:00\",\"dateModified\":\"2023-05-09T13:18:28+00:00\",\"description\":\"Jornada gratuita a Sant Feliu Llob., sobre la derivaci\u00f3n de responsabilidades a los Administradores y directores.\",\"breadcrumb\":{\"@id\":\"https:\\\/\\\/lladogrup.com\\\/es\\\/events\\\/responsabilidad-administradores-y-directores_sant_feliu\\\/#breadcrumb\"},\"inLanguage\":\"es\",\"potentialAction\":[{\"@type\":\"ReadAction\",\"target\":[\"https:\\\/\\\/lladogrup.com\\\/es\\\/events\\\/responsabilidad-administradores-y-directores_sant_feliu\\\/\"]}]},{\"@type\":\"ImageObject\",\"inLanguage\":\"es\",\"@id\":\"https:\\\/\\\/lladogrup.com\\\/es\\\/events\\\/responsabilidad-administradores-y-directores_sant_feliu\\\/#primaryimage\",\"url\":\"https:\\\/\\\/lladogrup.com\\\/wp-content\\\/uploads\\\/2022\\\/01\\\/20220113-novetats_impostos_2022-1000x667-1.jpg\",\"contentUrl\":\"https:\\\/\\\/lladogrup.com\\\/wp-content\\\/uploads\\\/2022\\\/01\\\/20220113-novetats_impostos_2022-1000x667-1.jpg\",\"width\":1000,\"height\":667,\"caption\":\"Novedades en impuestos para 2022 Llado Grup\"},{\"@type\":\"BreadcrumbList\",\"@id\":\"https:\\\/\\\/lladogrup.com\\\/es\\\/events\\\/responsabilidad-administradores-y-directores_sant_feliu\\\/#breadcrumb\",\"itemListElement\":[{\"@type\":\"ListItem\",\"position\":1,\"name\":\"Portada\",\"item\":\"https:\\\/\\\/lladogrup.com\\\/es\\\/\"},{\"@type\":\"ListItem\",\"position\":2,\"name\":\"Events\",\"item\":\"https:\\\/\\\/lladogrup.com\\\/events\\\/\"},{\"@type\":\"ListItem\",\"position\":3,\"name\":\"Jornada 12\\\/04\\\/23 Responsabilidad Administradores y Directores\"}]},{\"@type\":\"WebSite\",\"@id\":\"https:\\\/\\\/lladogrup.com\\\/#website\",\"url\":\"https:\\\/\\\/lladogrup.com\\\/\",\"name\":\"Llad\u00f3 Grup\",\"description\":\"Consultoria i gestoria\",\"potentialAction\":[{\"@type\":\"SearchAction\",\"target\":{\"@type\":\"EntryPoint\",\"urlTemplate\":\"https:\\\/\\\/lladogrup.com\\\/?s={search_term_string}\"},\"query-input\":{\"@type\":\"PropertyValueSpecification\",\"valueRequired\":true,\"valueName\":\"search_term_string\"}}],\"inLanguage\":\"es\"}]}<\/script>\n<!-- \/ Yoast SEO plugin. -->","yoast_head_json":{"title":"Jornada Derivaci\u00f3n de Responsabilidades Administradores y Directores","description":"Jornada gratuita a Sant Feliu Llob., sobre la derivaci\u00f3n de responsabilidades a los Administradores y directores.","robots":{"index":"index","follow":"follow","max-snippet":"max-snippet:-1","max-image-preview":"max-image-preview:large","max-video-preview":"max-video-preview:-1"},"canonical":"https:\/\/lladogrup.com\/es\/events\/responsabilidad-administradores-y-directores_sant_feliu\/","og_locale":"es_ES","og_type":"article","og_title":"Jornada Derivaci\u00f3n de Responsabilidades Administradores y Directores","og_description":"Jornada gratuita a Sant Feliu Llob., sobre la derivaci\u00f3n de responsabilidades a los Administradores y directores.","og_url":"https:\/\/lladogrup.com\/es\/events\/responsabilidad-administradores-y-directores_sant_feliu\/","og_site_name":"Llad\u00f3 Grup","article_modified_time":"2023-05-09T13:18:28+00:00","og_image":[{"width":1000,"height":667,"url":"https:\/\/lladogrup.com\/wp-content\/uploads\/2022\/01\/20220113-novetats_impostos_2022-1000x667-1.jpg","type":"image\/jpeg"}],"twitter_card":"summary_large_image","twitter_misc":{"Tiempo de lectura":"2 minutos"},"schema":{"@context":"https:\/\/schema.org","@graph":[{"@type":"WebPage","@id":"https:\/\/lladogrup.com\/es\/events\/responsabilidad-administradores-y-directores_sant_feliu\/","url":"https:\/\/lladogrup.com\/es\/events\/responsabilidad-administradores-y-directores_sant_feliu\/","name":"Jornada Derivaci\u00f3n de Responsabilidades Administradores y Directores","isPartOf":{"@id":"https:\/\/lladogrup.com\/#website"},"primaryImageOfPage":{"@id":"https:\/\/lladogrup.com\/es\/events\/responsabilidad-administradores-y-directores_sant_feliu\/#primaryimage"},"image":{"@id":"https:\/\/lladogrup.com\/es\/events\/responsabilidad-administradores-y-directores_sant_feliu\/#primaryimage"},"thumbnailUrl":"https:\/\/lladogrup.com\/wp-content\/uploads\/2022\/01\/20220113-novetats_impostos_2022-1000x667-1.jpg","datePublished":"2023-04-11T14:49:24+00:00","dateModified":"2023-05-09T13:18:28+00:00","description":"Jornada gratuita a Sant Feliu Llob., sobre la derivaci\u00f3n de responsabilidades a los Administradores y directores.","breadcrumb":{"@id":"https:\/\/lladogrup.com\/es\/events\/responsabilidad-administradores-y-directores_sant_feliu\/#breadcrumb"},"inLanguage":"es","potentialAction":[{"@type":"ReadAction","target":["https:\/\/lladogrup.com\/es\/events\/responsabilidad-administradores-y-directores_sant_feliu\/"]}]},{"@type":"ImageObject","inLanguage":"es","@id":"https:\/\/lladogrup.com\/es\/events\/responsabilidad-administradores-y-directores_sant_feliu\/#primaryimage","url":"https:\/\/lladogrup.com\/wp-content\/uploads\/2022\/01\/20220113-novetats_impostos_2022-1000x667-1.jpg","contentUrl":"https:\/\/lladogrup.com\/wp-content\/uploads\/2022\/01\/20220113-novetats_impostos_2022-1000x667-1.jpg","width":1000,"height":667,"caption":"Novedades en impuestos para 2022 Llado Grup"},{"@type":"BreadcrumbList","@id":"https:\/\/lladogrup.com\/es\/events\/responsabilidad-administradores-y-directores_sant_feliu\/#breadcrumb","itemListElement":[{"@type":"ListItem","position":1,"name":"Portada","item":"https:\/\/lladogrup.com\/es\/"},{"@type":"ListItem","position":2,"name":"Events","item":"https:\/\/lladogrup.com\/events\/"},{"@type":"ListItem","position":3,"name":"Jornada 12\/04\/23 Responsabilidad Administradores y Directores"}]},{"@type":"WebSite","@id":"https:\/\/lladogrup.com\/#website","url":"https:\/\/lladogrup.com\/","name":"Llad\u00f3 Grup","description":"Consultoria i gestoria","potentialAction":[{"@type":"SearchAction","target":{"@type":"EntryPoint","urlTemplate":"https:\/\/lladogrup.com\/?s={search_term_string}"},"query-input":{"@type":"PropertyValueSpecification","valueRequired":true,"valueName":"search_term_string"}}],"inLanguage":"es"}]}},"_links":{"self":[{"href":"https:\/\/lladogrup.com\/es\/wp-json\/wp\/v2\/mec-events\/67889","targetHints":{"allow":["GET"]}}],"collection":[{"href":"https:\/\/lladogrup.com\/es\/wp-json\/wp\/v2\/mec-events"}],"about":[{"href":"https:\/\/lladogrup.com\/es\/wp-json\/wp\/v2\/types\/mec-events"}],"author":[{"embeddable":true,"href":"https:\/\/lladogrup.com\/es\/wp-json\/wp\/v2\/users\/1"}],"replies":[{"embeddable":true,"href":"https:\/\/lladogrup.com\/es\/wp-json\/wp\/v2\/comments?post=67889"}],"wp:featuredmedia":[{"embeddable":true,"href":"https:\/\/lladogrup.com\/es\/wp-json\/wp\/v2\/media\/62445"}],"wp:attachment":[{"href":"https:\/\/lladogrup.com\/es\/wp-json\/wp\/v2\/media?parent=67889"}],"wp:term":[{"taxonomy":"post_tag","embeddable":true,"href":"https:\/\/lladogrup.com\/es\/wp-json\/wp\/v2\/tags?post=67889"},{"taxonomy":"mec_category","embeddable":true,"href":"https:\/\/lladogrup.com\/es\/wp-json\/wp\/v2\/mec_category?post=67889"}],"curies":[{"name":"wp","href":"https:\/\/api.w.org\/{rel}","templated":true}]}}