{"id":65492,"date":"2022-11-17T14:16:58","date_gmt":"2022-11-17T13:16:58","guid":{"rendered":"https:\/\/lladogrup.com\/?post_type=mec-events&#038;p=65492"},"modified":"2022-11-17T14:16:58","modified_gmt":"2022-11-17T13:16:58","slug":"webinar-que-hay-que-saber-para-planificar-una-herencia","status":"publish","type":"mec-events","link":"https:\/\/lladogrup.com\/es\/events\/webinar-que-hay-que-saber-para-planificar-una-herencia\/","title":{"rendered":"Webinar \u00bfQu\u00e9 hay que saber para planificar una Herencia?"},"content":{"rendered":"<div class=\"wpb-content-wrapper\"><p>[vc_row][vc_column][vc_column_text][vc_row][vc_column width=\u00bb1\/1&#8243;][vc_column_text]<\/p>\n<h2><span style=\"color: #fe5d3a;\">Tem\u00e1tica<\/span><\/h2>\n<p style=\"text-align: justify;\">Conocer por qu\u00e9 hay que planificar la <strong>herencia<\/strong>; en los \u00faltimos a\u00f1os se estima que solo el 15% de los espa\u00f1oles hace testamento antes de morir.<\/p>\n<p style=\"text-align: justify;\">Esto nos indica que la mayor\u00eda de la poblaci\u00f3n no se preocupa del destino de sus bienes, que en muchas ocasiones significa el deterioro de las relaciones de los familiares que quedan y todo por la carencia de un <strong>testamento<\/strong> muy pensado y planificado.<\/p>\n<p style=\"text-align: justify;\">La forma m\u00e1s correcta es empezar con una buena <strong>planificaci\u00f3n hereditaria<\/strong>, analizando la situaci\u00f3n personal, empresarial o familiar de cada cual. Compartirlo con un asesor de confianza que profesionalmente nos ayudar\u00e1 y nos guiar\u00e1 de la mejor manera posible porque se cumplan las necesidades, teniendo en cuenta las circunstancias y el contexto de cada persona, para asesorar el mejor posible durante todo el proceso.<\/p>\n<p style=\"text-align: justify;\">El primer objetivo es cumplir y respetar los deseos del difunto, de forma que se repartan sus bienes de acuerdo con su \u00faltima voluntad, facilitando las gestiones a los herederos puesto que conocer\u00e1n la decisi\u00f3n con tiempo, evitando costes, juicios u otros posibles enfrentamientos y que no se rompa la familia con discusiones.<\/p>\n<p style=\"text-align: justify;\">La planificaci\u00f3n ayudar\u00e1 los herederos a optimizar la fiscalidad y puedan tener preparadas las cantidades que tendr\u00e1n que abonar por los tributos y costes que supone la aceptaci\u00f3n de una herencia.<\/p>\n<p style=\"text-align: justify;\">Hay que tener mucho en cuenta que, si no se planifica su herencia y no se otorga testamento, ser\u00e1 la Ley la que determinar\u00e1 qui\u00e9n es el heredero\/s, es el que se conoce como sucesi\u00f3n intestada, en la cual no se tiene en cuenta su voluntad sino que se designa heredero\/s por designaci\u00f3n legal, heredando las personas que se establece por ley y por la orden que esta determine.<\/p>\n<h2><span style=\"color: #fe5d3a;\">\u00bfQu\u00e9 aprender\u00e1s?<\/span><\/h2>\n<ul>\n<li>Procedimiento para hacer testamento.\n<ul>\n<li>Herencias sin testamento.<\/li>\n<li>Caracter\u00edsticas de las herencias.<\/li>\n<li>Hablamos de los herederos y sus particularidades.<\/li>\n<li>Las leg\u00edtimas y la desheredaci\u00f3n.<\/li>\n<li>La aceptaci\u00f3n y renuncia de legados y herencias.<\/li>\n<li>El inventario y la valoraci\u00f3n de los bienes.<\/li>\n<li>C\u00f3mo se hace la partici\u00f3n de una herencia.<\/li>\n<\/ul>\n<\/li>\n<li>Impuesto de Sucesiones\n<ul>\n<li>Qui\u00e9n y donde se paga..<\/li>\n<li>\u00a0La liquidaci\u00f3n del impuetso.<\/li>\n<\/ul>\n<\/li>\n<li>\u00a0Reducciones, deducciones y bonificaciones.\n<ul>\n<li>La conveniencia de realizar donaciones en vida.<\/li>\n<li>Qu\u00e9 trato se hace de la empresa familiar.<\/li>\n<li>Recomendaciones para una herencia sin problemas.<\/li>\n<li>Consideraciones para pagar menos impuestos.<\/li>\n<\/ul>\n<\/li>\n<\/ul>\n<h2><\/h2>\n<h2><span style=\"color: #fe5d3a;\">Registro gratis<\/span><\/h2>\n<p><strong>Formato:<\/strong> Webinar gratuito y grabado a trav\u00e9s del canal zoom. Registrarse para conseguir acceso gratuito.<\/p>\n<p><strong>Coste:<\/strong> Gratuito.<\/p>\n<p><strong>Duraci\u00f3n<\/strong>: 9:30h a 11h.<\/p>\n<p>&nbsp;<\/p>\n<h2><span style=\"color: #fe5d3a;\">Impartido el webinar sobre \u00bfQu\u00e9 hay que saber para planificar una Herencia?<\/span><\/h2>\n<ul>\n<li><strong>Josep Cid<\/strong>, Socio-Director de la \u00c1rea Econ\u00f3mica y Tribut\u00e1ria de Llad\u00f3 Grup Consultor.<\/li>\n<\/ul>\n<p>[\/vc_column_text][\/vc_column][\/vc_row][vc_row][vc_column width=\u00bb1\/2&#8243;][vc_btn title=\u00bbDESCARGAR PRESENTACI\u00d3N\u00bb color=\u00bbdanger\u00bb size=\u00bblg\u00bb align=\u00bbcenter\u00bb link=\u00bburl:https%3A%2F%2Flladogrup.com%2Fwp-content%2Fuploads%2F2022%2F10%2F20220930-Que_hace_falta_para_planificar_herencia.pdf|target:_blank\u00bb][\/vc_column][vc_column width=\u00bb1\/2&#8243;][vc_btn title=\u00bbACCESO V\u00cdDEO WEBINAR\u00bb color=\u00bbdanger\u00bb size=\u00bblg\u00bb align=\u00bbcenter\u00bb link=\u00bburl:https%3A%2F%2Fcambrabcn.zoom.us%2Frec%2Fshare%2FfhdQk74mYJ8dmJYDQjruXim2TxE6sSVRkL1CNYoSc6kOXkNDPEMNMA7PKBnLorEJ.G6kaJMyS2x-9nN_1|target:_blank\u00bb][\/vc_column][\/vc_row]<\/p>\n<\/div>","protected":false},"excerpt":{"rendered":"<p>[vc_row][vc_column][vc_column_text][vc_row][vc_column width=\u00bb1\/1&#8243;][vc_column_text] Tem\u00e1tica Conocer por qu\u00e9 hay que planificar la herencia; en los \u00faltimos a\u00f1os se estima que solo el 15% de los espa\u00f1oles hace testamento antes de morir. Esto nos indica que la mayor\u00eda de la poblaci\u00f3n no se preocupa del destino de sus bienes, que en muchas ocasiones significa el deterioro de las&hellip;<\/p>\n","protected":false},"author":2,"featured_media":63071,"comment_status":"closed","ping_status":"closed","template":"","tags":[],"mec_category":[2185],"class_list":["post-65492","mec-events","type-mec-events","status-publish","has-post-thumbnail","hentry","mec_category-webinar-es","description-off"],"yoast_head":"<!-- This site is optimized with the Yoast SEO plugin v27.3 - https:\/\/yoast.com\/product\/yoast-seo-wordpress\/ -->\n<title>\u00bfQu\u00e9 hay que saber para planificar una herencia? Llad\u00f3 Grup<\/title>\n<meta name=\"description\" content=\"\u00bfQu\u00e9 hay que saber para planificar una herencia? Jornada impartida por un especialista de Llad\u00f3 Grup Consultor.\" \/>\n<meta name=\"robots\" content=\"index, follow, max-snippet:-1, max-image-preview:large, max-video-preview:-1\" \/>\n<link rel=\"canonical\" href=\"https:\/\/lladogrup.com\/es\/events\/webinar-que-hay-que-saber-para-planificar-una-herencia\/\" \/>\n<meta property=\"og:locale\" content=\"es_ES\" \/>\n<meta property=\"og:type\" content=\"article\" \/>\n<meta property=\"og:title\" content=\"\u00bfQu\u00e9 hay que saber para planificar una herencia? Llad\u00f3 Grup\" \/>\n<meta property=\"og:description\" content=\"\u00bfQu\u00e9 hay que saber para planificar una herencia? Jornada impartida por un especialista de Llad\u00f3 Grup Consultor.\" \/>\n<meta property=\"og:url\" content=\"https:\/\/lladogrup.com\/es\/events\/webinar-que-hay-que-saber-para-planificar-una-herencia\/\" \/>\n<meta property=\"og:site_name\" content=\"Llad\u00f3 Grup\" \/>\n<meta property=\"og:image\" content=\"https:\/\/lladogrup.com\/wp-content\/uploads\/2022\/03\/20220310-Herencia_donacion_empresa-1000x667-1.jpg\" \/>\n\t<meta property=\"og:image:width\" content=\"1000\" \/>\n\t<meta property=\"og:image:height\" content=\"667\" \/>\n\t<meta property=\"og:image:type\" content=\"image\/jpeg\" \/>\n<meta name=\"twitter:card\" content=\"summary_large_image\" \/>\n<meta name=\"twitter:label1\" content=\"Tiempo de lectura\" \/>\n\t<meta name=\"twitter:data1\" content=\"3 minutos\" \/>\n<script type=\"application\/ld+json\" class=\"yoast-schema-graph\">{\"@context\":\"https:\\\/\\\/schema.org\",\"@graph\":[{\"@type\":\"WebPage\",\"@id\":\"https:\\\/\\\/lladogrup.com\\\/es\\\/events\\\/webinar-que-hay-que-saber-para-planificar-una-herencia\\\/\",\"url\":\"https:\\\/\\\/lladogrup.com\\\/es\\\/events\\\/webinar-que-hay-que-saber-para-planificar-una-herencia\\\/\",\"name\":\"\u00bfQu\u00e9 hay que saber para planificar una herencia? Llad\u00f3 Grup\",\"isPartOf\":{\"@id\":\"https:\\\/\\\/lladogrup.com\\\/#website\"},\"primaryImageOfPage\":{\"@id\":\"https:\\\/\\\/lladogrup.com\\\/es\\\/events\\\/webinar-que-hay-que-saber-para-planificar-una-herencia\\\/#primaryimage\"},\"image\":{\"@id\":\"https:\\\/\\\/lladogrup.com\\\/es\\\/events\\\/webinar-que-hay-que-saber-para-planificar-una-herencia\\\/#primaryimage\"},\"thumbnailUrl\":\"https:\\\/\\\/lladogrup.com\\\/wp-content\\\/uploads\\\/2022\\\/03\\\/20220310-Herencia_donacion_empresa-1000x667-1.jpg\",\"datePublished\":\"2022-11-17T13:16:58+00:00\",\"description\":\"\u00bfQu\u00e9 hay que saber para planificar una herencia? Jornada impartida por un especialista de Llad\u00f3 Grup Consultor.\",\"breadcrumb\":{\"@id\":\"https:\\\/\\\/lladogrup.com\\\/es\\\/events\\\/webinar-que-hay-que-saber-para-planificar-una-herencia\\\/#breadcrumb\"},\"inLanguage\":\"es\",\"potentialAction\":[{\"@type\":\"ReadAction\",\"target\":[\"https:\\\/\\\/lladogrup.com\\\/es\\\/events\\\/webinar-que-hay-que-saber-para-planificar-una-herencia\\\/\"]}]},{\"@type\":\"ImageObject\",\"inLanguage\":\"es\",\"@id\":\"https:\\\/\\\/lladogrup.com\\\/es\\\/events\\\/webinar-que-hay-que-saber-para-planificar-una-herencia\\\/#primaryimage\",\"url\":\"https:\\\/\\\/lladogrup.com\\\/wp-content\\\/uploads\\\/2022\\\/03\\\/20220310-Herencia_donacion_empresa-1000x667-1.jpg\",\"contentUrl\":\"https:\\\/\\\/lladogrup.com\\\/wp-content\\\/uploads\\\/2022\\\/03\\\/20220310-Herencia_donacion_empresa-1000x667-1.jpg\",\"width\":1000,\"height\":667,\"caption\":\"herencia o donacion empresa familiar Llado Grup\"},{\"@type\":\"BreadcrumbList\",\"@id\":\"https:\\\/\\\/lladogrup.com\\\/es\\\/events\\\/webinar-que-hay-que-saber-para-planificar-una-herencia\\\/#breadcrumb\",\"itemListElement\":[{\"@type\":\"ListItem\",\"position\":1,\"name\":\"Portada\",\"item\":\"https:\\\/\\\/lladogrup.com\\\/es\\\/\"},{\"@type\":\"ListItem\",\"position\":2,\"name\":\"Events\",\"item\":\"https:\\\/\\\/lladogrup.com\\\/events\\\/\"},{\"@type\":\"ListItem\",\"position\":3,\"name\":\"Webinar \u00bfQu\u00e9 hay que saber para planificar una Herencia?\"}]},{\"@type\":\"WebSite\",\"@id\":\"https:\\\/\\\/lladogrup.com\\\/#website\",\"url\":\"https:\\\/\\\/lladogrup.com\\\/\",\"name\":\"Llad\u00f3 Grup\",\"description\":\"Consultoria i gestoria\",\"potentialAction\":[{\"@type\":\"SearchAction\",\"target\":{\"@type\":\"EntryPoint\",\"urlTemplate\":\"https:\\\/\\\/lladogrup.com\\\/?s={search_term_string}\"},\"query-input\":{\"@type\":\"PropertyValueSpecification\",\"valueRequired\":true,\"valueName\":\"search_term_string\"}}],\"inLanguage\":\"es\"}]}<\/script>\n<!-- \/ Yoast SEO plugin. -->","yoast_head_json":{"title":"\u00bfQu\u00e9 hay que saber para planificar una herencia? Llad\u00f3 Grup","description":"\u00bfQu\u00e9 hay que saber para planificar una herencia? Jornada impartida por un especialista de Llad\u00f3 Grup Consultor.","robots":{"index":"index","follow":"follow","max-snippet":"max-snippet:-1","max-image-preview":"max-image-preview:large","max-video-preview":"max-video-preview:-1"},"canonical":"https:\/\/lladogrup.com\/es\/events\/webinar-que-hay-que-saber-para-planificar-una-herencia\/","og_locale":"es_ES","og_type":"article","og_title":"\u00bfQu\u00e9 hay que saber para planificar una herencia? Llad\u00f3 Grup","og_description":"\u00bfQu\u00e9 hay que saber para planificar una herencia? Jornada impartida por un especialista de Llad\u00f3 Grup Consultor.","og_url":"https:\/\/lladogrup.com\/es\/events\/webinar-que-hay-que-saber-para-planificar-una-herencia\/","og_site_name":"Llad\u00f3 Grup","og_image":[{"width":1000,"height":667,"url":"https:\/\/lladogrup.com\/wp-content\/uploads\/2022\/03\/20220310-Herencia_donacion_empresa-1000x667-1.jpg","type":"image\/jpeg"}],"twitter_card":"summary_large_image","twitter_misc":{"Tiempo de lectura":"3 minutos"},"schema":{"@context":"https:\/\/schema.org","@graph":[{"@type":"WebPage","@id":"https:\/\/lladogrup.com\/es\/events\/webinar-que-hay-que-saber-para-planificar-una-herencia\/","url":"https:\/\/lladogrup.com\/es\/events\/webinar-que-hay-que-saber-para-planificar-una-herencia\/","name":"\u00bfQu\u00e9 hay que saber para planificar una herencia? Llad\u00f3 Grup","isPartOf":{"@id":"https:\/\/lladogrup.com\/#website"},"primaryImageOfPage":{"@id":"https:\/\/lladogrup.com\/es\/events\/webinar-que-hay-que-saber-para-planificar-una-herencia\/#primaryimage"},"image":{"@id":"https:\/\/lladogrup.com\/es\/events\/webinar-que-hay-que-saber-para-planificar-una-herencia\/#primaryimage"},"thumbnailUrl":"https:\/\/lladogrup.com\/wp-content\/uploads\/2022\/03\/20220310-Herencia_donacion_empresa-1000x667-1.jpg","datePublished":"2022-11-17T13:16:58+00:00","description":"\u00bfQu\u00e9 hay que saber para planificar una herencia? Jornada impartida por un especialista de Llad\u00f3 Grup Consultor.","breadcrumb":{"@id":"https:\/\/lladogrup.com\/es\/events\/webinar-que-hay-que-saber-para-planificar-una-herencia\/#breadcrumb"},"inLanguage":"es","potentialAction":[{"@type":"ReadAction","target":["https:\/\/lladogrup.com\/es\/events\/webinar-que-hay-que-saber-para-planificar-una-herencia\/"]}]},{"@type":"ImageObject","inLanguage":"es","@id":"https:\/\/lladogrup.com\/es\/events\/webinar-que-hay-que-saber-para-planificar-una-herencia\/#primaryimage","url":"https:\/\/lladogrup.com\/wp-content\/uploads\/2022\/03\/20220310-Herencia_donacion_empresa-1000x667-1.jpg","contentUrl":"https:\/\/lladogrup.com\/wp-content\/uploads\/2022\/03\/20220310-Herencia_donacion_empresa-1000x667-1.jpg","width":1000,"height":667,"caption":"herencia o donacion empresa familiar Llado Grup"},{"@type":"BreadcrumbList","@id":"https:\/\/lladogrup.com\/es\/events\/webinar-que-hay-que-saber-para-planificar-una-herencia\/#breadcrumb","itemListElement":[{"@type":"ListItem","position":1,"name":"Portada","item":"https:\/\/lladogrup.com\/es\/"},{"@type":"ListItem","position":2,"name":"Events","item":"https:\/\/lladogrup.com\/events\/"},{"@type":"ListItem","position":3,"name":"Webinar \u00bfQu\u00e9 hay que saber para planificar una Herencia?"}]},{"@type":"WebSite","@id":"https:\/\/lladogrup.com\/#website","url":"https:\/\/lladogrup.com\/","name":"Llad\u00f3 Grup","description":"Consultoria i gestoria","potentialAction":[{"@type":"SearchAction","target":{"@type":"EntryPoint","urlTemplate":"https:\/\/lladogrup.com\/?s={search_term_string}"},"query-input":{"@type":"PropertyValueSpecification","valueRequired":true,"valueName":"search_term_string"}}],"inLanguage":"es"}]}},"_links":{"self":[{"href":"https:\/\/lladogrup.com\/es\/wp-json\/wp\/v2\/mec-events\/65492","targetHints":{"allow":["GET"]}}],"collection":[{"href":"https:\/\/lladogrup.com\/es\/wp-json\/wp\/v2\/mec-events"}],"about":[{"href":"https:\/\/lladogrup.com\/es\/wp-json\/wp\/v2\/types\/mec-events"}],"author":[{"embeddable":true,"href":"https:\/\/lladogrup.com\/es\/wp-json\/wp\/v2\/users\/2"}],"replies":[{"embeddable":true,"href":"https:\/\/lladogrup.com\/es\/wp-json\/wp\/v2\/comments?post=65492"}],"wp:featuredmedia":[{"embeddable":true,"href":"https:\/\/lladogrup.com\/es\/wp-json\/wp\/v2\/media\/63071"}],"wp:attachment":[{"href":"https:\/\/lladogrup.com\/es\/wp-json\/wp\/v2\/media?parent=65492"}],"wp:term":[{"taxonomy":"post_tag","embeddable":true,"href":"https:\/\/lladogrup.com\/es\/wp-json\/wp\/v2\/tags?post=65492"},{"taxonomy":"mec_category","embeddable":true,"href":"https:\/\/lladogrup.com\/es\/wp-json\/wp\/v2\/mec_category?post=65492"}],"curies":[{"name":"wp","href":"https:\/\/api.w.org\/{rel}","templated":true}]}}