{"id":64939,"date":"2022-09-14T09:28:46","date_gmt":"2022-09-14T08:28:46","guid":{"rendered":"https:\/\/lladogrup.com\/events\/que-cal-saber-per-planificar-lherencia\/"},"modified":"2022-10-11T11:50:53","modified_gmt":"2022-10-11T10:50:53","slug":"que-hay-que-saber-para-planificar-la-herencia","status":"publish","type":"mec-events","link":"https:\/\/lladogrup.com\/es\/events\/que-hay-que-saber-para-planificar-la-herencia\/","title":{"rendered":"\u00bfQu\u00e9 hay que saber para planificar la herencia?"},"content":{"rendered":"<div class=\"wpb-content-wrapper\"><p>[vc_row][vc_column][vc_column_text]<\/p>\n<h2>Objetivos de la jornada<\/h2>\n<p style=\"text-align: justify;\"><strong>Conocer por qu\u00e9 hay que planificar la herencia<\/strong>; en los \u00faltimos a\u00f1os se estima que solo el 15% de los espa\u00f1oles hace testamento antes de morir. Esto nos indica que la mayor\u00eda de la poblaci\u00f3n no se preocupa del destino de sus bienes, que en muchas ocasiones significa el deterioro de las relaciones de los familiares que quedan y todo por la carencia de un testamento muy pensado y planificado. La forma m\u00e1s correcta es empezar con una buena planificaci\u00f3n hereditaria, analizando la situaci\u00f3n personal, empresarial o familiar de cada cual.<\/p>\n<p style=\"text-align: justify;\">Compartirlo con un asesor de confianza que profesionalmente nos ayudar\u00e1 y nos guiar\u00e1 de la mejor manera posible porque se cumplan las necesidades, teniendo en cuenta las circunstancias y el contexto de cada persona, para asesorar el mejor posible durante todo el proceso.<\/p>\n<p style=\"text-align: justify;\"><strong>\u00bfQu\u00e9 tenemos que hacer?<\/strong><\/p>\n<p style=\"text-align: justify;\">El <strong>primer objetivo es cumplir y respetar los deseos del difunto<\/strong>, de forma que se repartan sus bienes de acuerdo con su \u00faltima voluntad, facilitando las gestiones a los<strong> herederos<\/strong> puesto que conocer\u00e1n la decisi\u00f3n con tiempo, evitando costes, juicios u otros posibles enfrentamientos y que no se rompa la familia con discusiones.<\/p>\n<p style=\"text-align: justify;\">La <strong>planificaci\u00f3n<\/strong> ayudar\u00e1 los herederos a <strong>optimizar la fiscalidad<\/strong> y puedan tener preparadas las cantidades que tendr\u00e1n que abonar por los tributos y costes que supone la aceptaci\u00f3n de una <strong>herencia<\/strong>.<\/p>\n<p style=\"text-align: justify;\">Hay que tener mucho en cuenta que, si no se <strong>planifica su herencia<\/strong> y no se otorga <strong>testamento<\/strong>, ser\u00e1 la Ley la que determinar\u00e1 qui\u00e9n es el heredero\/s, es el que se conoce como sucesi\u00f3n intestada, en la cual no se tiene en cuenta su voluntad sino que se designa heredero\/s por designaci\u00f3n legal, heredando las personas que se establece por ley y por la orden que esta determine.<\/p>\n<p>&nbsp;<\/p>\n<h2><b>Programa de la jornada presencial<\/b><\/h2>\n<div><strong>9:30 h. Inicio<\/strong><\/div>\n<div><\/div>\n<ul>\n<li>Procedimiento para hacer el testamento.<\/li>\n<li>Herencias sin testamento.<\/li>\n<li>Caracter\u00edsticas de las herencias.<\/li>\n<li>Hablamos de los herederos y sus particularidades.<\/li>\n<li>Las leg\u00edtimas y la desheredaci\u00f3n.<\/li>\n<li>La aceptaci\u00f3n y renuncia de legados y herencias.<\/li>\n<li>El inventario y la valoraci\u00f3n de los bienes.<\/li>\n<li>C\u00f3mo se hace la partici\u00f3n de una herencia.<\/li>\n<li>El Impuesto de Sucesiones.<\/li>\n<\/ul>\n<div><strong>Qui\u00e9n y donde se paga.<\/strong><\/div>\n<div>La liquidaci\u00f3n del impuesto.<\/div>\n<div>Reducciones, deducciones y bonificaciones.<\/div>\n<ul>\n<li>La conveniencia de hacer donaciones en vida.<\/li>\n<li>Qu\u00e9 trato se hace de la empresa familiar.<\/li>\n<li>Recomendaciones para una herencia sin problemas.<\/li>\n<li>Consideraciones para pagar menos impuestos..<\/li>\n<\/ul>\n<div><strong>11:00 h. Fin de la sesi\u00f3n<\/strong><\/div>\n<p>&nbsp;<\/p>\n<p>&nbsp;<\/p>\n<h2>Lugar de realizaci\u00f3n<\/h2>\n<div>\n<p><strong>Punt de Servei Baix Vall\u00e8s<\/strong><\/p>\n<div>\n<div>C. La Volta, 2, Planta 1<\/div>\n<div>Local 1 (Zona Iveco)<\/div>\n<div>08150 <strong>Parets del Vall\u00e8s\u00a0 \u00a0 \u00a0<\/strong><\/div>\n<\/div>\n<div>Tel. 902 448 448 &#8211; Ext. 1028<\/div>\n<\/div>\n<h2><\/h2>\n<h2>Ponente de la jornada<\/h2>\n<p>Sr. Josep Cid Socio-Director del \u00c1rea Econ\u00f3mica y Tributaria de <a href=\"https:\/\/lladogrup.com\/es\/\" target=\"_blank\" rel=\"noopener\">Llad\u00f3 Grup Consultor<\/a>.<\/p>\n<p>&nbsp;[\/vc_column_text][\/vc_column][\/vc_row][vc_row][vc_column width=\u00bb1\/2&#8243;][vc_btn title=\u00bbDESCARGA PRESENTACI\u00d3N\u00bb color=\u00bbdanger\u00bb size=\u00bblg\u00bb align=\u00bbcenter\u00bb link=\u00bburl:https%3A%2F%2Flladogrup.com%2Fwp-content%2Fuploads%2F2022%2F10%2F20220930-Que_hace_falta_para_planificar_herencia.pdf|target:_blank\u00bb][\/vc_column][vc_column width=\u00bb1\/2&#8243;][vc_btn title=\u00bbACCESO VIDEO WEBINAR\u00bb color=\u00bbdanger\u00bb size=\u00bblg\u00bb align=\u00bbcenter\u00bb link=\u00bburl:https%3A%2F%2Fcambrabcn.zoom.us%2Frec%2Fshare%2FfhdQk74mYJ8dmJYDQjruXim2TxE6sSVRkL1CNYoSc6kOXkNDPEMNMA7PKBnLorEJ.G6kaJMyS2x-9nN_1|target:_blank\u00bb][\/vc_column][\/vc_row]<\/p>\n<\/div>","protected":false},"excerpt":{"rendered":"<p>[vc_row][vc_column][vc_column_text] Objetivos de la jornada Conocer por qu\u00e9 hay que planificar la herencia; en los \u00faltimos a\u00f1os se estima que solo el 15% de los espa\u00f1oles hace testamento antes de morir. Esto nos indica que la mayor\u00eda de la poblaci\u00f3n no se preocupa del destino de sus bienes, que en muchas ocasiones significa el deterioro&hellip;<\/p>\n","protected":false},"author":1,"featured_media":63810,"comment_status":"closed","ping_status":"closed","template":"","tags":[],"mec_category":[2185],"class_list":["post-64939","mec-events","type-mec-events","status-publish","has-post-thumbnail","hentry","mec_category-webinar-es","description-off"],"yoast_head":"<!-- This site is optimized with the Yoast SEO plugin v27.3 - https:\/\/yoast.com\/product\/yoast-seo-wordpress\/ -->\n<title>\u00bfQu\u00e9 hay que saber para planificar la herencia? -Llad\u00f3 Grup-<\/title>\n<meta name=\"description\" content=\"Jornada gratuita, para conocer por qu\u00e9 hay que planificar la herencia y Como y Que tenemos que hacer? Llado Grup Consultor.\" \/>\n<meta name=\"robots\" content=\"index, follow, max-snippet:-1, max-image-preview:large, max-video-preview:-1\" \/>\n<link rel=\"canonical\" href=\"https:\/\/lladogrup.com\/es\/events\/que-hay-que-saber-para-planificar-la-herencia\/\" \/>\n<meta property=\"og:locale\" content=\"es_ES\" \/>\n<meta property=\"og:type\" content=\"article\" \/>\n<meta property=\"og:title\" content=\"\u00bfQu\u00e9 hay que saber para planificar la herencia? -Llad\u00f3 Grup-\" \/>\n<meta property=\"og:description\" content=\"Jornada gratuita, para conocer por qu\u00e9 hay que planificar la herencia y Como y Que tenemos que hacer? Llado Grup Consultor.\" \/>\n<meta property=\"og:url\" content=\"https:\/\/lladogrup.com\/es\/events\/que-hay-que-saber-para-planificar-la-herencia\/\" \/>\n<meta property=\"og:site_name\" content=\"Llad\u00f3 Grup\" \/>\n<meta property=\"article:modified_time\" content=\"2022-10-11T10:50:53+00:00\" \/>\n<meta property=\"og:image\" content=\"https:\/\/lladogrup.com\/wp-content\/uploads\/2022\/05\/20220603-jornada_retribucio_admin_cambra-520x272-1.jpg\" \/>\n\t<meta property=\"og:image:width\" content=\"520\" \/>\n\t<meta property=\"og:image:height\" content=\"272\" \/>\n\t<meta property=\"og:image:type\" content=\"image\/jpeg\" \/>\n<meta name=\"twitter:card\" content=\"summary_large_image\" \/>\n<meta name=\"twitter:label1\" content=\"Tiempo de lectura\" \/>\n\t<meta name=\"twitter:data1\" content=\"3 minutos\" \/>\n<script type=\"application\/ld+json\" class=\"yoast-schema-graph\">{\"@context\":\"https:\\\/\\\/schema.org\",\"@graph\":[{\"@type\":\"WebPage\",\"@id\":\"https:\\\/\\\/lladogrup.com\\\/es\\\/events\\\/que-hay-que-saber-para-planificar-la-herencia\\\/\",\"url\":\"https:\\\/\\\/lladogrup.com\\\/es\\\/events\\\/que-hay-que-saber-para-planificar-la-herencia\\\/\",\"name\":\"\u00bfQu\u00e9 hay que saber para planificar la herencia? -Llad\u00f3 Grup-\",\"isPartOf\":{\"@id\":\"https:\\\/\\\/lladogrup.com\\\/#website\"},\"primaryImageOfPage\":{\"@id\":\"https:\\\/\\\/lladogrup.com\\\/es\\\/events\\\/que-hay-que-saber-para-planificar-la-herencia\\\/#primaryimage\"},\"image\":{\"@id\":\"https:\\\/\\\/lladogrup.com\\\/es\\\/events\\\/que-hay-que-saber-para-planificar-la-herencia\\\/#primaryimage\"},\"thumbnailUrl\":\"https:\\\/\\\/lladogrup.com\\\/wp-content\\\/uploads\\\/2022\\\/05\\\/20220603-jornada_retribucio_admin_cambra-520x272-1.jpg\",\"datePublished\":\"2022-09-14T08:28:46+00:00\",\"dateModified\":\"2022-10-11T10:50:53+00:00\",\"description\":\"Jornada gratuita, para conocer por qu\u00e9 hay que planificar la herencia y Como y Que tenemos que hacer? Llado Grup Consultor.\",\"breadcrumb\":{\"@id\":\"https:\\\/\\\/lladogrup.com\\\/es\\\/events\\\/que-hay-que-saber-para-planificar-la-herencia\\\/#breadcrumb\"},\"inLanguage\":\"es\",\"potentialAction\":[{\"@type\":\"ReadAction\",\"target\":[\"https:\\\/\\\/lladogrup.com\\\/es\\\/events\\\/que-hay-que-saber-para-planificar-la-herencia\\\/\"]}]},{\"@type\":\"ImageObject\",\"inLanguage\":\"es\",\"@id\":\"https:\\\/\\\/lladogrup.com\\\/es\\\/events\\\/que-hay-que-saber-para-planificar-la-herencia\\\/#primaryimage\",\"url\":\"https:\\\/\\\/lladogrup.com\\\/wp-content\\\/uploads\\\/2022\\\/05\\\/20220603-jornada_retribucio_admin_cambra-520x272-1.jpg\",\"contentUrl\":\"https:\\\/\\\/lladogrup.com\\\/wp-content\\\/uploads\\\/2022\\\/05\\\/20220603-jornada_retribucio_admin_cambra-520x272-1.jpg\",\"width\":520,\"height\":272,\"caption\":\"Jornada retribucio administradors Llado Grup\"},{\"@type\":\"BreadcrumbList\",\"@id\":\"https:\\\/\\\/lladogrup.com\\\/es\\\/events\\\/que-hay-que-saber-para-planificar-la-herencia\\\/#breadcrumb\",\"itemListElement\":[{\"@type\":\"ListItem\",\"position\":1,\"name\":\"Portada\",\"item\":\"https:\\\/\\\/lladogrup.com\\\/es\\\/\"},{\"@type\":\"ListItem\",\"position\":2,\"name\":\"Events\",\"item\":\"https:\\\/\\\/lladogrup.com\\\/events\\\/\"},{\"@type\":\"ListItem\",\"position\":3,\"name\":\"\u00bfQu\u00e9 hay que saber para planificar la herencia?\"}]},{\"@type\":\"WebSite\",\"@id\":\"https:\\\/\\\/lladogrup.com\\\/#website\",\"url\":\"https:\\\/\\\/lladogrup.com\\\/\",\"name\":\"Llad\u00f3 Grup\",\"description\":\"Consultoria i gestoria\",\"potentialAction\":[{\"@type\":\"SearchAction\",\"target\":{\"@type\":\"EntryPoint\",\"urlTemplate\":\"https:\\\/\\\/lladogrup.com\\\/?s={search_term_string}\"},\"query-input\":{\"@type\":\"PropertyValueSpecification\",\"valueRequired\":true,\"valueName\":\"search_term_string\"}}],\"inLanguage\":\"es\"}]}<\/script>\n<!-- \/ Yoast SEO plugin. -->","yoast_head_json":{"title":"\u00bfQu\u00e9 hay que saber para planificar la herencia? -Llad\u00f3 Grup-","description":"Jornada gratuita, para conocer por qu\u00e9 hay que planificar la herencia y Como y Que tenemos que hacer? Llado Grup Consultor.","robots":{"index":"index","follow":"follow","max-snippet":"max-snippet:-1","max-image-preview":"max-image-preview:large","max-video-preview":"max-video-preview:-1"},"canonical":"https:\/\/lladogrup.com\/es\/events\/que-hay-que-saber-para-planificar-la-herencia\/","og_locale":"es_ES","og_type":"article","og_title":"\u00bfQu\u00e9 hay que saber para planificar la herencia? -Llad\u00f3 Grup-","og_description":"Jornada gratuita, para conocer por qu\u00e9 hay que planificar la herencia y Como y Que tenemos que hacer? Llado Grup Consultor.","og_url":"https:\/\/lladogrup.com\/es\/events\/que-hay-que-saber-para-planificar-la-herencia\/","og_site_name":"Llad\u00f3 Grup","article_modified_time":"2022-10-11T10:50:53+00:00","og_image":[{"width":520,"height":272,"url":"https:\/\/lladogrup.com\/wp-content\/uploads\/2022\/05\/20220603-jornada_retribucio_admin_cambra-520x272-1.jpg","type":"image\/jpeg"}],"twitter_card":"summary_large_image","twitter_misc":{"Tiempo de lectura":"3 minutos"},"schema":{"@context":"https:\/\/schema.org","@graph":[{"@type":"WebPage","@id":"https:\/\/lladogrup.com\/es\/events\/que-hay-que-saber-para-planificar-la-herencia\/","url":"https:\/\/lladogrup.com\/es\/events\/que-hay-que-saber-para-planificar-la-herencia\/","name":"\u00bfQu\u00e9 hay que saber para planificar la herencia? -Llad\u00f3 Grup-","isPartOf":{"@id":"https:\/\/lladogrup.com\/#website"},"primaryImageOfPage":{"@id":"https:\/\/lladogrup.com\/es\/events\/que-hay-que-saber-para-planificar-la-herencia\/#primaryimage"},"image":{"@id":"https:\/\/lladogrup.com\/es\/events\/que-hay-que-saber-para-planificar-la-herencia\/#primaryimage"},"thumbnailUrl":"https:\/\/lladogrup.com\/wp-content\/uploads\/2022\/05\/20220603-jornada_retribucio_admin_cambra-520x272-1.jpg","datePublished":"2022-09-14T08:28:46+00:00","dateModified":"2022-10-11T10:50:53+00:00","description":"Jornada gratuita, para conocer por qu\u00e9 hay que planificar la herencia y Como y Que tenemos que hacer? Llado Grup Consultor.","breadcrumb":{"@id":"https:\/\/lladogrup.com\/es\/events\/que-hay-que-saber-para-planificar-la-herencia\/#breadcrumb"},"inLanguage":"es","potentialAction":[{"@type":"ReadAction","target":["https:\/\/lladogrup.com\/es\/events\/que-hay-que-saber-para-planificar-la-herencia\/"]}]},{"@type":"ImageObject","inLanguage":"es","@id":"https:\/\/lladogrup.com\/es\/events\/que-hay-que-saber-para-planificar-la-herencia\/#primaryimage","url":"https:\/\/lladogrup.com\/wp-content\/uploads\/2022\/05\/20220603-jornada_retribucio_admin_cambra-520x272-1.jpg","contentUrl":"https:\/\/lladogrup.com\/wp-content\/uploads\/2022\/05\/20220603-jornada_retribucio_admin_cambra-520x272-1.jpg","width":520,"height":272,"caption":"Jornada retribucio administradors Llado Grup"},{"@type":"BreadcrumbList","@id":"https:\/\/lladogrup.com\/es\/events\/que-hay-que-saber-para-planificar-la-herencia\/#breadcrumb","itemListElement":[{"@type":"ListItem","position":1,"name":"Portada","item":"https:\/\/lladogrup.com\/es\/"},{"@type":"ListItem","position":2,"name":"Events","item":"https:\/\/lladogrup.com\/events\/"},{"@type":"ListItem","position":3,"name":"\u00bfQu\u00e9 hay que saber para planificar la herencia?"}]},{"@type":"WebSite","@id":"https:\/\/lladogrup.com\/#website","url":"https:\/\/lladogrup.com\/","name":"Llad\u00f3 Grup","description":"Consultoria i gestoria","potentialAction":[{"@type":"SearchAction","target":{"@type":"EntryPoint","urlTemplate":"https:\/\/lladogrup.com\/?s={search_term_string}"},"query-input":{"@type":"PropertyValueSpecification","valueRequired":true,"valueName":"search_term_string"}}],"inLanguage":"es"}]}},"_links":{"self":[{"href":"https:\/\/lladogrup.com\/es\/wp-json\/wp\/v2\/mec-events\/64939","targetHints":{"allow":["GET"]}}],"collection":[{"href":"https:\/\/lladogrup.com\/es\/wp-json\/wp\/v2\/mec-events"}],"about":[{"href":"https:\/\/lladogrup.com\/es\/wp-json\/wp\/v2\/types\/mec-events"}],"author":[{"embeddable":true,"href":"https:\/\/lladogrup.com\/es\/wp-json\/wp\/v2\/users\/1"}],"replies":[{"embeddable":true,"href":"https:\/\/lladogrup.com\/es\/wp-json\/wp\/v2\/comments?post=64939"}],"wp:featuredmedia":[{"embeddable":true,"href":"https:\/\/lladogrup.com\/es\/wp-json\/wp\/v2\/media\/63810"}],"wp:attachment":[{"href":"https:\/\/lladogrup.com\/es\/wp-json\/wp\/v2\/media?parent=64939"}],"wp:term":[{"taxonomy":"post_tag","embeddable":true,"href":"https:\/\/lladogrup.com\/es\/wp-json\/wp\/v2\/tags?post=64939"},{"taxonomy":"mec_category","embeddable":true,"href":"https:\/\/lladogrup.com\/es\/wp-json\/wp\/v2\/mec_category?post=64939"}],"curies":[{"name":"wp","href":"https:\/\/api.w.org\/{rel}","templated":true}]}}